{"id":11,"date":"2008-05-28T15:24:29","date_gmt":"2008-05-28T13:24:29","guid":{"rendered":"http:\/\/wptest.k-srv.de\/?page_id=11"},"modified":"2026-01-06T14:53:21","modified_gmt":"2026-01-06T13:53:21","slug":"fahrzeuge","status":"publish","type":"page","link":"https:\/\/www.feuerwehr-brilon.de\/?page_id=11","title":{"rendered":"Fahrzeuge"},"content":{"rendered":"<p>Bei der Freiwilligen Feuerwehr der Stadt Brilon sind in einem L\u00f6schzug und zw\u00f6lf L\u00f6schgruppen folgende Fahrzeuge stationiert.<\/p>\n<p><strong>Einsatzfahrzeuge des L\u00f6schzug Brilon<\/strong><\/p>\n<hr>\n<table border=\"0\" cellspacing=\"0\" cellpadding=\"0\" width=\"100%\">\n<tbody>\n<tr>\n<td width=\"50%\" align=\"center\"><a href=\"http:\/\/www.feuerwehr-brilon.de\/?page_id=749\"><img decoding=\"async\" src=\".\/images\/fahrzeuge\/elw_1_1_klein_vorne.jpg\" border=\"0\" alt=\"\"><\/a><\/td>\n<td width=\"50%\" align=\"center\"><a href=\"http:\/\/www.feuerwehr-brilon.de\/?page_id=811\"><img decoding=\"async\" src=\".\/images\/fahrzeuge\/kef_klein_vorne.jpg\" border=\"0\" alt=\"\"><\/a><\/td>\n<\/tr>\n<tr>\n<td align=\"center\">ELW 1<\/td>\n<td align=\"center\">KEF<\/td>\n<\/tr>\n<tr>\n<td width=\"50%\" align=\"center\"><a href=\"http:\/\/www.feuerwehr-brilon.de\/?page_id=8508\"><img decoding=\"async\" src=\".\/images\/fahrzeuge\/tlf_4000_klein_vorne.jpg\" border=\"0\" alt=\"\"><\/a><\/td>\n<td width=\"50%\" align=\"center\"><a href=\"http:\/\/www.feuerwehr-brilon.de\/?page_id=33469\"><img decoding=\"async\" src=\".\/images\/fahrzeuge\/dlk_23_12_klein_vorne.jpg\" border=\"0\" alt=\"\"><\/a><\/td>\n<\/tr>\n<tr>\n<td align=\"center\">TLF 4000<\/td>\n<td align=\"center\">DLK 23\/12<\/td>\n<\/tr>\n<tr>\n<td width=\"50%\" align=\"center\"><a href=\"http:\/\/www.feuerwehr-brilon.de\/?page_id=23597\"><img decoding=\"async\" src=\".\/images\/fahrzeuge\/HLF1_klein_vorne.JPG\" border=\"0\" alt=\"\"><\/a><\/td>\n<td width=\"50%\" align=\"center\"><a href=\"http:\/\/www.feuerwehr-brilon.de\/?page_id=13962\"><img decoding=\"async\" src=\".\/images\/fahrzeuge\/lf20_klein_vorne.JPG\" border=\"0\" alt=\"\"><\/a><\/td>\n<\/tr>\n<tr>\n<td align=\"center\">HLF 20-01<\/td>\n<td align=\"center\">LF 20 KatS<\/td>\n<\/tr>\n<tr>\n<td width=\"50%\" align=\"center\"><a href=\"http:\/\/www.feuerwehr-brilon.de\/?page_id=802\"><img decoding=\"async\" src=\".\/images\/fahrzeuge\/hlf_24_14_s_klein_vorne.jpg\" border=\"0\" alt=\"\"><\/a><\/td>\n<td width=\"50%\" align=\"center\"><a href=\"http:\/\/www.feuerwehr-brilon.de\/?page_id=11756\"><img decoding=\"async\" src=\".\/images\/fahrzeuge\/gwl_2_klein_vorne.JPG\" border=\"0\" alt=\"\"><\/a><\/td>\n<\/tr>\n<tr>\n<td align=\"center\">HLF 20-02<\/td>\n<td align=\"center\">Gw-L 2<\/td>\n<\/tr>\n<tr>\n<td width=\"50%\" align=\"center\"><a href=\"http:\/\/www.feuerwehr-brilon.de\/?page_id=16295\"><img decoding=\"async\" src=\".\/images\/fahrzeuge\/gwg2_ubers.jpg\" border=\"0\" alt=\"\"><\/a><\/p>\n<\/td>\n<td width=\"50%\" align=\"center\"><a href=\"http:\/\/www.feuerwehr-brilon.de\/?page_id=30996\"><img decoding=\"async\" src=\".\/images\/fahrzeuge\/MLF_ueb.JPG\" border=\"0\" alt=\"\"><\/a><\/td>\n<\/tr>\n<tr>\n<td align=\"center\">GW-G<\/td>\n<td align=\"center\">MLF<\/td>\n<\/tr>\n<\/tbody>\n<\/table>\n<p><strong>Einsatzfahrzeuge der L\u00f6schgruppen<\/strong><\/p>\n<hr>\n<table border=\"0\" cellspacing=\"0\" cellpadding=\"0\" width=\"100%\">\n<tbody>\n<tr>\n<td width=\"50%\" align=\"center\"><a href=\"http:\/\/www.feuerwehr-brilon.de\/?page_id=812\"><img decoding=\"async\" src=\".\/images\/fahrzeuge\/tsf_w_sonder_alme_klein_vorne.jpg\" border=\"0\" alt=\"\"><\/a><\/td>\n<td width=\"50%\" align=\"center\"><a href=\"http:\/\/www.feuerwehr-brilon.de\/?page_id=23302\"><img decoding=\"async\" src=\".\/images\/fahrzeuge\/mtf_alme_klein_1.JPG\" border=\"0\" alt=\"\"><\/a><\/td>\n<\/tr>\n<tr>\n<td align=\"center\">MLF Alme<\/td>\n<td align=\"center\">MTF Alme<\/td>\n<\/tr>\n<tr>\n<td width=\"50%\" align=\"center\"><a href=\"http:\/\/www.feuerwehr-brilon.de\/?page_id=816\"><img decoding=\"async\" src=\".\/images\/fahrzeuge\/tsf_w_altenbueren_klein_vorne.jpg\" border=\"0\" alt=\"\"><\/a><\/td>\n<td width=\"50%\" align=\"center\"><a href=\"http:\/\/www.feuerwehr-brilon.de\/?page_id=5162\"><img decoding=\"async\" src=\".\/images\/fahrzeuge\/tsfw_bontk_klein_1.jpg\" border=\"0\" alt=\"\"><\/a><\/td>\n<\/tr>\n<tr>\n<td align=\"center\">MLF Altenb\u00fcren<\/td>\n<td align=\"center\">MLF Bontkirchen<\/td>\n<\/tr>\n<tr>\n<td width=\"50%\" align=\"center\"><a href=\"http:\/\/www.feuerwehr-brilon.de\/?page_id=1321\"><img decoding=\"async\" src=\".\/images\/fahrzeuge\/mtf_hop_klein_4.JPG\" border=\"0\" alt=\"\"><\/a><\/td>\n<td width=\"50%\" align=\"center\"><a href=\"http:\/\/www.feuerwehr-brilon.de\/?page_id=819\"><img decoding=\"async\" src=\".\/images\/fahrzeuge\/StLf_Hoppecke_vorn_th.jpg\" border=\"0\" alt=\"\"><\/a><\/td>\n<\/tr>\n<tr>\n<td align=\"center\">MTF Hoppecke<\/td>\n<td align=\"center\">HLF10 Hoppecke<\/td>\n<\/tr>\n<td width=\"50%\" align=\"center\"><a href=\"http:\/\/www.feuerwehr-brilon.de\/?page_id=16659\"><img decoding=\"async\" src=\".\/images\/fahrzeuge\/gwl_1_gross_uerbs.JPG\" border=\"0\" alt=\"\"><\/a><\/td>\n<td width=\"50%\" align=\"center\"><a href=\"http:\/\/www.feuerwehr-brilon.de\/?page_id=1329\"><img decoding=\"async\" src=\".\/images\/fahrzeuge\/tsf_hoppecke_klein_vorne.jpg\" border=\"0\" alt=\"\"><\/a><\/td>\n<tr>\n<td align=\"center\">Gw-L 1 Hoppecke<\/td>\n<td align=\"center\">TSF Hoppecke<\/td>\n<\/tr>\n<tr>\n<td width=\"50%\" align=\"center\"><a href=\"http:\/\/www.feuerwehr-brilon.de\/?page_id=33474\"><img decoding=\"async\" src=\".\/images\/fahrzeuge\/lf_8_6_madfeld_klein_vorne.jpg\" border=\"0\" alt=\"\"><\/a><\/td>\n<td width=\"50%\" align=\"center\"><a href=\"http:\/\/www.feuerwehr-brilon.de\/?page_id=19188\"><img decoding=\"async\" src=\".\/images\/fahrzeuge\/tsf-w_messnghsn_uebs.jpg\" border=\"0\" alt=\"\"><\/a><\/td>\n<\/tr>\n<tr>\n<td align=\"center\">HLF 10 Madfeld<\/td>\n<td align=\"center\">TSF-W Messinghausen<\/td>\n<\/tr>\n<tr>\n<td width=\"50%\" align=\"center\"><a href=\"http:\/\/www.feuerwehr-brilon.de\/?page_id=22960\"><img decoding=\"async\" src=\".\/images\/fahrzeuge\/klf_nehden_klein_uerbs.jpg\" border=\"0\" alt=\"\"><\/a><\/td>\n<td width=\"50%\" align=\"center\"><a href=\"http:\/\/www.feuerwehr-brilon.de\/?page_id=7437\"><img decoding=\"async\" src=\".\/images\/fahrzeuge\/tsfw_roes_klein.jpg\" border=\"0\" alt=\"\"><\/a><\/td>\n<\/tr>\n<tr>\n<td align=\"center\">TSF Nehden<\/td>\n<td align=\"center\">TSF-W R\u00f6senbeck<\/td>\n<\/tr>\n<tr>\n<td width=\"50%\" align=\"center\"><a href=\"http:\/\/www.feuerwehr-brilon.de\/?page_id=1355\"><img decoding=\"async\" src=\".\/images\/fahrzeuge\/stlf_10_6_scharfenberg_klein_vorne.jpg\" border=\"0\" alt=\"\"><\/a><\/td>\n<td width=\"50%\" align=\"center\"><a href=\"http:\/\/www.feuerwehr-brilon.de\/?page_id=817\"><img decoding=\"async\" src=\".\/images\/fahrzeuge\/tsf_w_thuelen_klein_vorne.jpg\" border=\"0\" alt=\"\"><\/a><\/td>\n<\/tr>\n<tr>\n<td align=\"center\">MLF Scharfenberg<\/td>\n<td align=\"center\">MLF Th\u00fclen<\/td>\n<\/tr>\n<tr>\n<td width=\"50%\" align=\"center\"><a href=\"http:\/\/www.feuerwehr-brilon.de\/?page_id=818\"><img decoding=\"async\" src=\".\/images\/fahrzeuge\/tsf_wuelfte_klein.jpg\" border=\"0\" alt=\"\"><\/a><\/td>\n<\/tr>\n<tr>\n<td align=\"center\">TSF W\u00fclfte<\/td>\n<td align=\"center\"><\/td>\n<\/tr>\n<\/tbody>\n<\/table>\n<p><strong>Anh\u00e4nger der Freiwilligen Feuerwehr der Stadt Brilon<\/strong><\/p>\n<hr>\n<table border=\"0\" cellspacing=\"0\" cellpadding=\"0\" width=\"100%\">\n<tbody>\n<tr>\n<td width=\"50%\" align=\"center\"><img decoding=\"async\" src=\".\/images\/fahrzeuge\/tsa_rixen_klein_vorne.jpg\" border=\"0\" alt=\"\"><\/td>\n<td width=\"50%\" align=\"center\"><img decoding=\"async\" src=\".\/images\/fahrzeuge\/pg_250_brilon_klein_vorne.jpg\" border=\"0\" alt=\"\"><\/td>\n<\/tr>\n<tr>\n<td align=\"center\">TSA Rixen<\/td>\n<td align=\"center\">PG 250 Brilon<\/td>\n<\/tr>\n<tr>\n<td width=\"50%\" align=\"center\"><img decoding=\"async\" src=\".\/images\/fahrzeuge\/pg_250_hoppecke_klein_vorne.jpg\" border=\"0\" alt=\"\"><\/td>\n<td width=\"50%\" align=\"center\"><img decoding=\"async\" src=\".\/images\/fahrzeuge\/oel_hoppecke_klein_vorne.jpg\" border=\"0\" alt=\"\"><\/td>\n<\/tr>\n<tr>\n<td align=\"center\">PG 250 Hoppecke<\/td>\n<td align=\"center\">\u00d6lwehranh\u00e4nger Hoppecke<\/td>\n<\/tr>\n<\/tbody>\n<\/table>\n","protected":false},"excerpt":{"rendered":"<p>Bei der Freiwilligen Feuerwehr der Stadt Brilon sind in einem L\u00f6schzug und zw\u00f6lf L\u00f6schgruppen folgende Fahrzeuge stationiert. Einsatzfahrzeuge des L\u00f6schzug Brilon ELW 1 KEF TLF 4000 DLK 23\/12 HLF 20-01 LF 20 KatS HLF 20-02 Gw-L 2 GW-G MLF Einsatzfahrzeuge der L\u00f6schgruppen MLF Alme MTF Alme MLF Altenb\u00fcren MLF Bontkirchen MTF Hoppecke HLF10 Hoppecke Gw-L [&hellip;]<\/p>\n","protected":false},"author":3,"featured_media":0,"parent":10,"menu_order":0,"comment_status":"open","ping_status":"open","template":"","meta":{"_exactmetrics_skip_tracking":false,"_exactmetrics_sitenote_active":false,"_exactmetrics_sitenote_note":"","_exactmetrics_sitenote_category":0,"jetpack_post_was_ever_published":false,"footnotes":""},"class_list":["post-11","page","type-page","status-publish","hentry"],"jetpack_shortlink":"https:\/\/wp.me\/PCIJa-b","jetpack_sharing_enabled":true,"jetpack-related-posts":[{"id":466,"url":"https:\/\/www.feuerwehr-brilon.de\/?page_id=466","url_meta":{"origin":11,"position":0},"title":"Steigleiter","author":"Marc Heines","date":"13. Dezember 2008","format":false,"excerpt":"Steigleiter aus dem Jahre 1929. Sie war von 1929 bis 1959 beim L\u00f6schzug Brilon im Einsatz. Die Steigleiter beim Festzug zum 775-j\u00e4hrigen Stadtjubil\u00e4um der Stadt Brilon im Jahre 1995. Die Leiter wurde von der FirmaMagirus in Ulm hergestellt. Sie hat eine Leiterl\u00e4nge von 10 m und wurde von vier bis\u2026","rel":"","context":"In &quot;Allgemein&quot;","block_context":{"text":"Allgemein","link":"https:\/\/www.feuerwehr-brilon.de\/?cat=1"},"img":{"alt_text":"","src":"https:\/\/i0.wp.com\/www.feuerwehr-brilon.de\/wp-up\/2008\/12\/steigleiter_festzug_neu.jpg?resize=350%2C200","width":350,"height":200},"classes":[]},{"id":469,"url":"https:\/\/www.feuerwehr-brilon.de\/?page_id=469","url_meta":{"origin":11,"position":1},"title":"Tragkraftspritzenanh\u00e4nger","author":"Marc Heines","date":"13. Dezember 2008","format":false,"excerpt":"Brilon Der Tragkraftspritzenanh\u00e4nger wurde vom Milit\u00e4r erworben. Er war von 1948 bis 1970 beim L\u00f6schzug Brilon im Einsatz. Das Baujahr und der Hersteller des Tragkraftspritzenanh\u00e4ngers sind nicht bekannt. Er wurde vom Milit\u00e4r erworben und von einem Fahrzeug (Bspw. Mannschaftswagen) gezogen. Madfeld Tragkraftspritzenanh\u00e4nger aus dem Jahre 1943. Er war bei der\u2026","rel":"","context":"In &quot;Allgemein&quot;","block_context":{"text":"Allgemein","link":"https:\/\/www.feuerwehr-brilon.de\/?cat=1"},"img":{"alt_text":"","src":"https:\/\/i0.wp.com\/www.feuerwehr-brilon.de\/wp-up\/2008\/12\/tsa_brilon.jpg?resize=350%2C200","width":350,"height":200},"classes":[]},{"id":471,"url":"https:\/\/www.feuerwehr-brilon.de\/?page_id=471","url_meta":{"origin":11,"position":2},"title":"Tragkraftspritzenkarren","author":"Marc Heines","date":"13. Dezember 2008","format":false,"excerpt":"Tragkraftspritzenkarren aus dem Jahre 1933. Er war von 1933 bis 1943 beim L\u00f6schzug Brilon im Einsatz. Der Hersteller des Tragkraftspritzenkarrens ist nicht bekannt. Er wurde von einem Traktor gezogen, Schlepper Deutz 11 PS. Die Tragkraftspritze TS 8\/8 leistet 800 Liter\/Minute bei 8 bar. m","rel":"","context":"In &quot;Allgemein&quot;","block_context":{"text":"Allgemein","link":"https:\/\/www.feuerwehr-brilon.de\/?cat=1"},"img":{"alt_text":"","src":"https:\/\/i0.wp.com\/www.feuerwehr-brilon.de\/wp-up\/2008\/12\/tragkraftspritzenanhanger_1_500.jpg?resize=350%2C200","width":350,"height":200},"classes":[]},{"id":468,"url":"https:\/\/www.feuerwehr-brilon.de\/?page_id=468","url_meta":{"origin":11,"position":3},"title":"Mannschaftswagen","author":"Marc Heines","date":"13. Dezember 2008","format":false,"excerpt":"Mannschaftswagen aus dem Jahre 1938. Das Fahrzeug war von 1938 bis in die 60-er Jahre beim L\u00f6schzug Brilon im Einsatz. Das Fahrzeug wurde am 31. Dezember 1938 durch die Feuerschutzpolizei (Feuerwehr) Brilon \u00fcbernommen. Es war das erste motorisierte Fahrzeug der Feuerwehr Brilon. Das Photo entstand anl\u00e4\u00dflich des 60-j\u00e4hrigen Jubil\u00e4ums der\u2026","rel":"","context":"In &quot;Allgemein&quot;","block_context":{"text":"Allgemein","link":"https:\/\/www.feuerwehr-brilon.de\/?cat=1"},"img":{"alt_text":"","src":"https:\/\/i0.wp.com\/www.feuerwehr-brilon.de\/wp-up\/2008\/12\/mannschaftswagen_brilon_1939.jpg?resize=350%2C200","width":350,"height":200},"classes":[]},{"id":465,"url":"https:\/\/www.feuerwehr-brilon.de\/?page_id=465","url_meta":{"origin":11,"position":4},"title":"DL 18","author":"Marc Heines","date":"13. Dezember 2008","format":false,"excerpt":"Drehleiter DL 18 aus dem Jahre 1959. Das Fahrzeug war von 1959 bis 1975 beim L\u00f6schzug Brilon und von 1975 bis 1995 bei der L\u00f6schgruppe Hoppecke im Einsatz. X Typ DLK 18 Leistung 44 KW \/ 60 PS Baujahr 1959 Gewicht 3.800 kg Fahrgestell Opel Blitz 1,75 t Besatzung 1\u2026","rel":"","context":"In &quot;Allgemein&quot;","block_context":{"text":"Allgemein","link":"https:\/\/www.feuerwehr-brilon.de\/?cat=1"},"img":{"alt_text":"","src":"https:\/\/i0.wp.com\/www.feuerwehr-brilon.de\/wp-up\/2008\/12\/dl_18.jpg?resize=350%2C200","width":350,"height":200},"classes":[]},{"id":467,"url":"https:\/\/www.feuerwehr-brilon.de\/?page_id=467","url_meta":{"origin":11,"position":5},"title":"TLF 16\/25","author":"Marc Heines","date":"13. Dezember 2008","format":false,"excerpt":"Tankl\u00f6schfahrzeug TLF 16\/25 aus dem Jahre 1962. Das Fahrzeug war von 1962 bis 1995 beim L\u00f6schzug Brilon im Einsatz. Das Fahrzeug war von 1962 bis 1995 im Einsatz. Die urspr\u00fcngliche Farbe des Fahrzeuges war rot (RAL 3000), sp\u00e4ter wurde es in Tagesleuchtrot umlackiert. Es war das erste Tankl\u00f6schfahrzeug mit einem\u2026","rel":"","context":"In &quot;Allgemein&quot;","block_context":{"text":"Allgemein","link":"https:\/\/www.feuerwehr-brilon.de\/?cat=1"},"img":{"alt_text":"","src":"https:\/\/i0.wp.com\/www.feuerwehr-brilon.de\/wp-up\/2008\/12\/tlf_16_neu.jpg?resize=350%2C200","width":350,"height":200},"classes":[]}],"_links":{"self":[{"href":"https:\/\/www.feuerwehr-brilon.de\/index.php?rest_route=\/wp\/v2\/pages\/11","targetHints":{"allow":["GET"]}}],"collection":[{"href":"https:\/\/www.feuerwehr-brilon.de\/index.php?rest_route=\/wp\/v2\/pages"}],"about":[{"href":"https:\/\/www.feuerwehr-brilon.de\/index.php?rest_route=\/wp\/v2\/types\/page"}],"author":[{"embeddable":true,"href":"https:\/\/www.feuerwehr-brilon.de\/index.php?rest_route=\/wp\/v2\/users\/3"}],"replies":[{"embeddable":true,"href":"https:\/\/www.feuerwehr-brilon.de\/index.php?rest_route=%2Fwp%2Fv2%2Fcomments&post=11"}],"version-history":[{"count":3,"href":"https:\/\/www.feuerwehr-brilon.de\/index.php?rest_route=\/wp\/v2\/pages\/11\/revisions"}],"predecessor-version":[{"id":34249,"href":"https:\/\/www.feuerwehr-brilon.de\/index.php?rest_route=\/wp\/v2\/pages\/11\/revisions\/34249"}],"up":[{"embeddable":true,"href":"https:\/\/www.feuerwehr-brilon.de\/index.php?rest_route=\/wp\/v2\/pages\/10"}],"wp:attachment":[{"href":"https:\/\/www.feuerwehr-brilon.de\/index.php?rest_route=%2Fwp%2Fv2%2Fmedia&parent=11"}],"curies":[{"name":"wp","href":"https:\/\/api.w.org\/{rel}","templated":true}]}}