{"id":14422,"date":"2017-02-21T09:32:48","date_gmt":"2017-02-21T08:32:48","guid":{"rendered":"http:\/\/www.feuerwehr-brilon.de\/?page_id=14422"},"modified":"2022-06-06T11:45:18","modified_gmt":"2022-06-06T09:45:18","slug":"brandschutzerziehung-brandschutzaufklaerung","status":"publish","type":"page","link":"https:\/\/www.feuerwehr-brilon.de\/?page_id=14422","title":{"rendered":"Brandschutzerziehung &#8211; Brandschutzaufkl\u00e4rung"},"content":{"rendered":"<h3>Auf dieser Seite erfahren Sie:<\/h3>\n<p>&#8211; Was bedeutet \u00fcberhaupt \u201eBrandschutzerziehung\u201c?<\/p>\n<p>&#8211; Welchen Hintergrund hat die \u201eBrandschutzerziehung\u201c?<\/p>\n<p>&#8211; An wen richtet sich die \u201eBrandschutzerziehung\/Brandschutzaufkl\u00e4rung\u201c?<\/p>\n<p>&#8211; Wer f\u00fchrt die \u201eBrandschutzerziehung\/Brandschutzaufkl\u00e4rung\u201c durch?<br \/>\n&nbsp;<\/p>\n<h2>Brandschutzerziehung \u2013 Wieso? Weshalb? Warum?<\/h2>\n<p style=\"text-align: left;\"><a href=\"http:\/\/www.feuerwehr-brilon.de\/wp-up\/2017\/02\/Fuchs_Streichholz.png\"><img loading=\"lazy\" decoding=\"async\" class=\"size-thumbnail wp-image-14421 alignleft\" src=\"http:\/\/www.feuerwehr-brilon.de\/wp-up\/2017\/02\/Fuchs_Streichholz-130x150.png\" alt=\"\" width=\"130\" height=\"150\" title=\"\u00a9 www.sicherheitserziehung.de\" srcset=\"https:\/\/www.feuerwehr-brilon.de\/wp-up\/2017\/02\/Fuchs_Streichholz-130x150.png 130w, https:\/\/www.feuerwehr-brilon.de\/wp-up\/2017\/02\/Fuchs_Streichholz.png 182w\" sizes=\"auto, (max-width: 130px) 100vw, 130px\" \/><\/a>Die Brandschutzerziehung befasst sich u.a. mit dem richtigen Verhalten in einem Brandfall, dem Erlernen des Notrufes, dem richtigen Anz\u00fcnden einer Kerze, den Gefahren von Feuer und Rauch und dem Sinn von Rauchmeldern.<\/p>\n<p style=\"text-align: left;\">Menschen geraten oft in Panik, wenn sie mit einem Brand oder Notfall konfrontiert werden. Panik entsteht meist aus Unsicherheit und Unwissenheit, wie in so einer Situation zu reagieren ist, wenn das eigene Leben oder auch das von Mitmenschen akut gef\u00e4hrdet ist.<br \/>\nIn Deutschland beklagen wir j\u00e4hrlich \u00fcber 600 Tote, darunter ca. 200 Kinder, die durch Feuer und Rauch ihr Leben lassen mussten. Um diese Zahlen zu minimieren, muss rund um das Thema Feuer und Rauch ein Grundwissen vermittelt werden, um in einem solchen Fall besonnen und verantwortungsbewusst zu reagieren.<\/p>\n<table width=\"100%\">\n<tbody>\n<tr>\n<td>Das Grundwissen beinhaltet u.a. folgende Punkte:<\/p>\n<p style=\"text-align: left;\">&#8211; Brandgefahren erkennen und beurteilen<br \/>\n&#8211; Richtiges Verhalten in einem Notfall<br \/>\n&#8211; Absetzen eines Notrufes<br \/>\n&#8211; Wichtige Brandschutzeinrichtungen, wie z. B. Feuerl\u00f6scher, Feuerl\u00f6schdecke, Rauchmelder usw. kennen<\/p>\n<\/td>\n<td><img loading=\"lazy\" decoding=\"async\" src=\"http:\/\/www.feuerwehr-brilon.de\/wp-up\/2017\/02\/Fuchs_112.png\" width=\"150\" height=\"150\" align=\"left\" title=\"\u00a9 www.sicherheitserziehung.de\"><\/td>\n<\/tr>\n<\/tbody>\n<\/table>\n<p>&nbsp;<\/p>\n<h2>Rauchmelder<\/h2>\n<p>Auch heute, nach der fast fl\u00e4chendeckenden Einf\u00fchrung der Rauchmelderpflicht am 1.1.2017 f\u00fcr alle Wohnungen und Wohnh\u00e4user in Deutschland, wissen erschreckend viele Erwachsene noch nicht, wie wichtig ein Rauchmelder ist, um in einem Brandfall Leben zu retten.<\/p>\n<p>Hier gibt es viele wichtige Informationen zum Thema RAUCHMELDER:<\/p>\n<p><a href=\"http:\/\/www.feuerwehr-brilon.de\/?page_id=40\" target=\"_blank\" rel=\"noopener\">&#8211; Ratgeber Feuerwehr Brilon: Rauchmelder<\/a><br \/>\n<a href=\"http:\/\/www.sicherheitserziehung.de\/brandschutzaufklaerung\/rauchmelder.html\" target=\"_blank\" rel=\"noopener\">&#8211; Sicherheitserziehung.de<\/a><br \/>\n<a href=\"http:\/\/www.rauchmelder-lebensretter.de\/home\/\" target=\"_blank\" rel=\"noopener\">&#8211; Rauchmelder-Lebensretter<\/a><br \/>\n<a href=\"https:\/\/www.provinzial-online.de\/content\/privat\/service\/schadenverhuetung\/rauchmelder\/index.html\" target=\"_blank\" rel=\"noopener\">&#8211; Provinzial &#8211; Schadenverh\u00fctung<\/a><\/p>\n<p>Hier ist schematisch dargestellt, wo Rauchmelder am sinnvollsten installiert werden sollten:<img loading=\"lazy\" decoding=\"async\" class=\"size-thumbnail\" src=\"http:\/\/www.feuerwehr-brilon.de\/wp-up\/2017\/02\/Schema.png\" alt=\"Hier ist schematisch dargestellt, wo Rauchmelder am sinnvollsten installiert werden sollten.\" width=\"674\" height=\"319\" title=\"\u00a9 www.rauchmelder-lebensretter.de\"><br \/>\n&nbsp;<\/p>\n<h2>Brandschutzerziehung \u2013 Wer? Wo? Wie?<\/h2>\n<table>\n<tbody>\n<tr>\n<td><img loading=\"lazy\" decoding=\"async\" class=\"alignleft\" src=\"http:\/\/www.feuerwehr-brilon.de\/wp-up\/2017\/02\/Kinder_Kerze.png\" width=\"250\" height=\"250\"><\/td>\n<td>\n<p style=\"text-align: justify;\">Begonnen wird mit der Brandschutzerziehung in den Kinderg\u00e4rten. Dort wird in enger Zusammenarbeit mit den Erzieherinnen und Erziehern spielerisch das Notrufabsetzen, das Verhalten im Brandfall und der Umgang mit dem Feuer erlernt.<\/p>\n<\/td>\n<\/tr>\n<tr>\n<td>\n<p style=\"text-align: justify;\">Die Kinderg\u00e4rten bekommen von der Feuerwehr einen Koffer f\u00fcr die Brandschutzerziehung gestellt, in dem unterschiedlichste Materialien f\u00fcr den Unterricht enthalten sind. (z.B. Notruf-Telefonanlage, Rauchmelder, L\u00f6schdecke, Verbrennungsdreieck, Kerzen, Streichh\u00f6lzer, B\u00fccher, Spiele, Versuchsanleitung f\u00fcr Brandversuche, usw.)<\/p>\n<\/td>\n<td><img loading=\"lazy\" decoding=\"async\" class=\"alignright\" src=\"http:\/\/www.feuerwehr-brilon.de\/wp-up\/2017\/02\/Koffer.png\" alt=\"\" width=\"219\" height=\"253\"title=\"\u00a9 Feuerwehr Brilon\"><\/td>\n<\/tr>\n<tr>\n<td><img loading=\"lazy\" decoding=\"async\" class=\"alignright size-full wp-image-14468\" src=\"http:\/\/www.feuerwehr-brilon.de\/wp-up\/2017\/02\/Rauchdemohaus.png\" alt=\"\" width=\"301\" height=\"401\" title=\"\u00a9 Feuerwehr Brilon\" srcset=\"https:\/\/www.feuerwehr-brilon.de\/wp-up\/2017\/02\/Rauchdemohaus.png 301w, https:\/\/www.feuerwehr-brilon.de\/wp-up\/2017\/02\/Rauchdemohaus-113x150.png 113w\" sizes=\"auto, (max-width: 301px) 100vw, 301px\" \/><\/td>\n<td>\n<p style=\"text-align: justify;\">Im Kindergarten werden die Kinder in ein bis zwei Wochen auf das Thema Feuer und Rauch durch ihre Erzieherinnen und Erzieher vorbereitet. Danach besucht die Kindergartengruppe das Feuerwehrger\u00e4tehaus. An diesem Tag vertiefen die Feuerwehrleute das Thema weiter. Sie veranschaulichen an einem extra f\u00fcr die Brandschutzerziehung entwickelten Rauchdemohaus das Verhalten von Rauch in einem Haus und erkl\u00e4ren somit, wie sich die Kinder in einem Brandfall zu verhalten haben. Ebenfalls kann der Notruf an diesem Haus noch einmal ge\u00fcbt werden.<\/p>\n<\/td>\n<\/tr>\n<\/tbody>\n<\/table>\n<p>Dieses Rauchdemohaus von der Firma Bals aus Menden (Sauerland) ist im Jahre 2010 von der Briloner B\u00fcrgerstiftung an die Freiwillige Feuerwehr der Stadt Brilon <a href=\"http:\/\/www.feuerwehr-brilon.de\/?p=3327\" target=\"_blank\" rel=\"noopener\">\u00fcbergeben worden<\/a>.<br \/>\n<img loading=\"lazy\" decoding=\"async\" class=\"alignright size-full wp-image-14470\" src=\"http:\/\/www.feuerwehr-brilon.de\/wp-up\/2017\/02\/Rauchdemohaus_2.png\" alt=\"\" width=\"529\" height=\"404\" title=\"\u00a9 Feuerwehr Brilon\"><img loading=\"lazy\" decoding=\"async\" class=\"alignright size-full wp-image-14471\" src=\"http:\/\/www.feuerwehr-brilon.de\/wp-up\/2017\/02\/Rauchdemohaus_3.png\" alt=\"\" width=\"291\" height=\"391\" title=\"\u00a9 Feuerwehr Brilon\"><\/p>\n<p>Ein weiterer H\u00f6hepunkt des Besuches im Rahmen der Brandschutzerziehung ist ein Rundgang durch das Feuerwehrhaus, wobei die Ausr\u00fcstung und Aufgaben der Feuerwehr und die Feuerwehrfahrzeuge erkl\u00e4rt werden.<\/p>\n<table width=\"100%\">\n<tbody>\n<tr>\n<td><img loading=\"lazy\" decoding=\"async\" class=\"alignright size-full wp-image-14478\" src=\"http:\/\/www.feuerwehr-brilon.de\/wp-up\/2017\/02\/Kinder_Umkleide.png\" alt=\"\" width=\"472\" height=\"354\"title=\"\u00a9 Feuerwehr Brilon\" srcset=\"https:\/\/www.feuerwehr-brilon.de\/wp-up\/2017\/02\/Kinder_Umkleide.png 472w, https:\/\/www.feuerwehr-brilon.de\/wp-up\/2017\/02\/Kinder_Umkleide-150x113.png 150w\" sizes=\"auto, (max-width: 472px) 100vw, 472px\" \/><\/td>\n<td><img loading=\"lazy\" decoding=\"async\" class=\"alignright size-full wp-image-14479\" src=\"http:\/\/www.feuerwehr-brilon.de\/wp-up\/2017\/02\/Strecke_.png\" alt=\"\" width=\"482\" height=\"362\"title=\"\u00a9 Feuerwehr Brilon\" srcset=\"https:\/\/www.feuerwehr-brilon.de\/wp-up\/2017\/02\/Strecke_.png 482w, https:\/\/www.feuerwehr-brilon.de\/wp-up\/2017\/02\/Strecke_-150x113.png 150w\" sizes=\"auto, (max-width: 482px) 100vw, 482px\" \/><\/td>\n<td><img loading=\"lazy\" decoding=\"async\" class=\"alignright size-full wp-image-14480\" src=\"http:\/\/www.feuerwehr-brilon.de\/wp-up\/2017\/02\/Atemschutz_.png\" alt=\"\" width=\"481\" height=\"361\"title=\"\u00a9 Feuerwehr Brilon\" srcset=\"https:\/\/www.feuerwehr-brilon.de\/wp-up\/2017\/02\/Atemschutz_.png 481w, https:\/\/www.feuerwehr-brilon.de\/wp-up\/2017\/02\/Atemschutz_-150x113.png 150w\" sizes=\"auto, (max-width: 481px) 100vw, 481px\" \/><\/td>\n<\/tr>\n<\/tbody>\n<\/table>\n<p>Zum guten Schluss d\u00fcrfen die Kinder einmal Feuerwehrmann sein und mit dem gro\u00dfen Feuerwehrschlauch \u201el\u00f6schen\u201c!<\/p>\n<table width=\"100%\">\n<tbody>\n<tr>\n<td><img loading=\"lazy\" decoding=\"async\" class=\"alignleft wp-image-14481\" src=\"http:\/\/www.feuerwehr-brilon.de\/wp-up\/2017\/02\/Wasser_1.png\" alt=\"\" width=\"425\" height=\"255\" title=\"\u00a9 Feuerwehr Brilon\" srcset=\"https:\/\/www.feuerwehr-brilon.de\/wp-up\/2017\/02\/Wasser_1.png 425w, https:\/\/www.feuerwehr-brilon.de\/wp-up\/2017\/02\/Wasser_1-150x90.png 150w\" sizes=\"auto, (max-width: 425px) 100vw, 425px\" \/><\/td>\n<td><img loading=\"lazy\" decoding=\"async\" width=\"418\" height=\"251\" class=\"alignright wp-image-14482\" src=\"http:\/\/www.feuerwehr-brilon.de\/wp-up\/2017\/02\/Wasser_2.png\" alt=\"\" title=\"\u00a9 Feuerwehr Brilon\" srcset=\"https:\/\/www.feuerwehr-brilon.de\/wp-up\/2017\/02\/Wasser_2.png 418w, https:\/\/www.feuerwehr-brilon.de\/wp-up\/2017\/02\/Wasser_2-150x90.png 150w\" sizes=\"auto, (max-width: 418px) 100vw, 418px\" \/><\/td>\n<\/tr>\n<\/tbody>\n<\/table>\n<p>Zur Verabschiedung wird den Kindergartenkindern eine \u201eerfolgreiche\u201c Teilnahme an der Brandschutzerziehung der Feuerwehr Brilon mit einer URKUNDE bescheinigt.<\/p>\n<table width=\"100%\">\n<tbody>\n<tr>\n<td><img decoding=\"async\" class=\"alignleft size-full wp-image-14483\" src=\"http:\/\/www.feuerwehr-brilon.de\/wp-up\/2017\/02\/Urkunde_1.png\" title=\"\u00a9 Feuerwehr Brilon\" width=\"368\" srcset=\"https:\/\/www.feuerwehr-brilon.de\/wp-up\/2017\/02\/Urkunde_1.png 387w, https:\/\/www.feuerwehr-brilon.de\/wp-up\/2017\/02\/Urkunde_1-150x113.png 150w\" sizes=\"(max-width: 387px) 100vw, 387px\" \/><\/td>\n<td><img decoding=\"async\" class=\"alignright size-full wp-image-14484\" src=\"http:\/\/www.feuerwehr-brilon.de\/wp-up\/2017\/02\/Urkunde_2.png\" alt=\"\" width=\"368\" title=\"\u00a9 Feuerwehr Brilon\" srcset=\"https:\/\/www.feuerwehr-brilon.de\/wp-up\/2017\/02\/Urkunde_2.png 390w, https:\/\/www.feuerwehr-brilon.de\/wp-up\/2017\/02\/Urkunde_2-150x113.png 150w\" sizes=\"(max-width: 390px) 100vw, 390px\" \/><\/td>\n<\/tr>\n<\/tbody>\n<\/table>\n<p>&nbsp;<\/p>\n<h2>Brandschutzaufkl\u00e4rung<\/h2>\n<p>In der Brandschutzaufkl\u00e4rung werden Schulen und Familienzentren besucht. Auch die Erwachsenenbildung bez\u00fcglich Brandschutz geh\u00f6rt dazu. Hier wird ebenfalls das Thema Feuer und Rauch dem Alter entsprechend unterrichtet, sowie eventuell das L\u00f6schen eines Entstehungsbrandes mit allgemein zug\u00e4nglichen Feuerl\u00f6scheinrichtungen (Feuerl\u00f6scher, L\u00f6schdecke, usw.) gelehrt.<\/p>\n<p>F\u00fcr die Brandschutzerziehung\/Brandschutzaufkl\u00e4rung ist laut Gesetz die Gemeinde zust\u00e4ndig. Die Feuerwehren sind Einrichtungen der Gemeinde, was im Gesetz der Feuerwehren, dem \u201eGesetz \u00fcber den Brandschutz, die Hilfeleistung und den Katastrophenschutz\u201c (BHKG) geregelt ist. Demnach f\u00fchren die Feuerwehren die Brandschutzerziehung durch. Sie bilden sogenannte Brandschutzerzieher auf Landes-, Kreis- und Stadtebene aus, um Kindern das Thema Feuer und Brandschutz n\u00e4herzubringen.<br \/>\n&nbsp;<\/p>\n<h3>Ansprechpartner der Freiwilligen Feuerwehr Brilon:<\/h3>\n<p>Bei Fragen rund um das Thema Brandschutzerziehung \/ Brandschutzaufkl\u00e4rung melden Sie sich gerne per Email bei:<\/p>\n<p>Ansprechpartner: Steffen Balkenhol (Stellvertreter:  Michael Klaholz)<br \/>\nKoordinator und Beauftragter f\u00fcr<br \/>\nBrandschutzerziehung\/Brandschutzaufkl\u00e4rung<br \/>\nin der Freiwilligen Feuerwehr Brilon<\/p>\n<p>Kontakt: <a href=\"mailto:brandschutzerziehung@feuerwehr-brilon.de\" target=\"_blank\" rel=\"noopener\">brandschutzerziehung(at)feuerwehr-brilon.de<\/a><\/p>\n","protected":false},"excerpt":{"rendered":"<p>Auf dieser Seite erfahren Sie: &#8211; Was bedeutet \u00fcberhaupt \u201eBrandschutzerziehung\u201c? &#8211; Welchen Hintergrund hat die \u201eBrandschutzerziehung\u201c? &#8211; An wen richtet sich die \u201eBrandschutzerziehung\/Brandschutzaufkl\u00e4rung\u201c? &#8211; Wer f\u00fchrt die \u201eBrandschutzerziehung\/Brandschutzaufkl\u00e4rung\u201c durch? &nbsp; Brandschutzerziehung \u2013 Wieso? Weshalb? Warum? Die Brandschutzerziehung befasst sich u.a. mit dem richtigen Verhalten in einem Brandfall, dem Erlernen des Notrufes, dem richtigen Anz\u00fcnden einer [&hellip;]<\/p>\n","protected":false},"author":8,"featured_media":0,"parent":700,"menu_order":0,"comment_status":"closed","ping_status":"closed","template":"","meta":{"_exactmetrics_skip_tracking":false,"_exactmetrics_sitenote_active":false,"_exactmetrics_sitenote_note":"","_exactmetrics_sitenote_category":0,"jetpack_post_was_ever_published":false,"footnotes":""},"class_list":["post-14422","page","type-page","status-publish","hentry"],"jetpack_shortlink":"https:\/\/wp.me\/PCIJa-3KC","jetpack_sharing_enabled":true,"jetpack-related-posts":[{"id":3335,"url":"https:\/\/www.feuerwehr-brilon.de\/?page_id=3335","url_meta":{"origin":14422,"position":0},"title":"Allgemein intern","author":"M.Prior","date":"8. Oktober 2010","format":false,"excerpt":"Herzlich willkommen, in unserem internen Bereich. In der linken Navigationsleiste kannst Du die f\u00fcr Dich frei gegebenen Rubriken ausw\u00e4hlen. In der Allgemeinen Rubrik stehen Artikel, Dateien und Info's die wir nicht allgemein ver\u00f6ffentlichen k\u00f6nnen oder d\u00fcrfen. Die Liste wird st\u00e4ndig aktualisiert, schau doch \u00f6fter mal rein! Ausbildung Interessantes Technik Brandschutzerziehung\u2026","rel":"","context":"\u00c4hnlicher Beitrag","block_context":{"text":"\u00c4hnlicher Beitrag","link":""},"img":{"alt_text":"","src":"","width":0,"height":0},"classes":[]},{"id":51,"url":"https:\/\/www.feuerwehr-brilon.de\/?page_id=51","url_meta":{"origin":14422,"position":1},"title":"Das richtige Verhalten","author":"Daniel Vogel","date":"31. Mai 2008","format":false,"excerpt":"Was tun, wenn es brennt? Ruhe bewahren und keine Panik aufkommen lassen! Bevor Sie selbst zu l\u00f6schen versuchen, immer die Feuerwehr alarmieren \u00fcber Notruf oder Feuermelder Machen Sie klare Angaben \u00fcber die Adresse des Brandorts, sagen Sie, was in welchem Umfang brennt (wenn Sie das wissen) und nennen Sie Ihren\u2026","rel":"","context":"In &quot;Allgemein&quot;","block_context":{"text":"Allgemein","link":"https:\/\/www.feuerwehr-brilon.de\/?cat=1"},"img":{"alt_text":"","src":"","width":0,"height":0},"classes":[]},{"id":83,"url":"https:\/\/www.feuerwehr-brilon.de\/?page_id=83","url_meta":{"origin":14422,"position":2},"title":"Historisches Tambourkorps","author":"Daniel Vogel","date":"19. August 2008","format":false,"excerpt":"Sie erhalten hier Informationen \u00fcber das Historische Tambourkorps der Freiwilligen Feuerwehr Brilon. Das historische Tambourkorps bestand von 2004 bis 2019. Das historische Tambourkorps der Feuerwehr Brilon im Jahre 2005:\u00a0v.l.n.r.: vorne: Bernd Becker, Hans Derhahn, Gerhard M\u00fcller, Freddi Renerich, Winfried Wiegelmann, Wolfgang L\u00fcddemann, Willi R\u00f6ttger, Klaus Hillebrand; hinten: Wolfgang Schrewe, Karl-Heinz\u2026","rel":"","context":"In &quot;Allgemein&quot;","block_context":{"text":"Allgemein","link":"https:\/\/www.feuerwehr-brilon.de\/?cat=1"},"img":{"alt_text":"","src":"https:\/\/i0.wp.com\/www.feuerwehr-brilon.de\/wp-up\/2008\/08\/hist__tambourkorps_050612-105720_1000-500x325.jpg?resize=350%2C200","width":350,"height":200},"classes":[]},{"id":41,"url":"https:\/\/www.feuerwehr-brilon.de\/?page_id=41","url_meta":{"origin":14422,"position":3},"title":"Fettexplosion","author":"Daniel Vogel","date":"29. Mai 2008","format":false,"excerpt":"Immer wieder h\u00f6rt oder liest man in Berichten den Begriff Fettexplosion. Aber was passiert bei einer Fettexplosion ? Wie kann sie verhindert werden ? Wir bedanken uns an dieser Stelle bei den Freiwilligen Feuerwehren Hamburg-Altona und Hamburg-Langenhorn, die uns diese Bilder zur Verf\u00fcgung gestellt haben. Eine Fettexplosion entsteht beim Eingie\u00dfen\u2026","rel":"","context":"In &quot;Allgemein&quot;","block_context":{"text":"Allgemein","link":"https:\/\/www.feuerwehr-brilon.de\/?cat=1"},"img":{"alt_text":"","src":"","width":0,"height":0},"classes":[]},{"id":543,"url":"https:\/\/www.feuerwehr-brilon.de\/?page_id=543","url_meta":{"origin":14422,"position":4},"title":"Beschaffung von Ersatzteilen","author":"Marc Heines","date":"16. Dezember 2008","format":false,"excerpt":"Da \u00fcber die Jahre viele der originalen Ausr\u00fcstungsteile abhanden gekommen sind, mussten \u00fcber verschiedene Wege neue alte Teile beschafft werden. Daneben wurden Museen und private Sammlungen sowie Fahrzeuge anderer Feuerwehren besichtigt. Im Bergischen Land konnte ein Notek Nachtmarschger\u00e4t besorgt werden. Es besteht aus dem vorderen Tarnscheinwerfer und dem Abstandsr\u00fccklicht, welches\u2026","rel":"","context":"In &quot;Allgemein&quot;","block_context":{"text":"Allgemein","link":"https:\/\/www.feuerwehr-brilon.de\/?cat=1"},"img":{"alt_text":"","src":"https:\/\/i0.wp.com\/www.feuerwehr-brilon.de\/wp-up\/2008\/12\/notek_nachtmarschgerate.jpg?resize=350%2C200","width":350,"height":200},"classes":[]},{"id":2129,"url":"https:\/\/www.feuerwehr-brilon.de\/?page_id=2129","url_meta":{"origin":14422,"position":5},"title":"Restauration &#8211; DL 18","author":"Andreas Becker","date":"13. Februar 2010","format":false,"excerpt":"Restauration der DL 18 Opel Blitz Nachdem die Restauration des Schweren L\u00f6schgruppenfahrzeugs LF 15 mit der Instandsetzung der fest eingebauten Feuerl\u00f6schkreiselpumpe im letzten Jahr erfolgreich ihr Ende fand, haben sich nun einige technikinteressierte Kameraden des L\u00f6schzugs Brilon entschlossen, auch die alte Opel Blitz Drehleiter wieder herzurichten. Zur Geschichte des Fahrzeuges:\u2026","rel":"","context":"In &quot;Allgemein&quot;","block_context":{"text":"Allgemein","link":"https:\/\/www.feuerwehr-brilon.de\/?cat=1"},"img":{"alt_text":"Beerdigung Wassermeister 1965","src":"https:\/\/i0.wp.com\/www.feuerwehr-brilon.de\/images\/DL18\/DLBeerdigWasserm.jpg?resize=350%2C200","width":350,"height":200},"classes":[]}],"_links":{"self":[{"href":"https:\/\/www.feuerwehr-brilon.de\/index.php?rest_route=\/wp\/v2\/pages\/14422","targetHints":{"allow":["GET"]}}],"collection":[{"href":"https:\/\/www.feuerwehr-brilon.de\/index.php?rest_route=\/wp\/v2\/pages"}],"about":[{"href":"https:\/\/www.feuerwehr-brilon.de\/index.php?rest_route=\/wp\/v2\/types\/page"}],"author":[{"embeddable":true,"href":"https:\/\/www.feuerwehr-brilon.de\/index.php?rest_route=\/wp\/v2\/users\/8"}],"replies":[{"embeddable":true,"href":"https:\/\/www.feuerwehr-brilon.de\/index.php?rest_route=%2Fwp%2Fv2%2Fcomments&post=14422"}],"version-history":[{"count":3,"href":"https:\/\/www.feuerwehr-brilon.de\/index.php?rest_route=\/wp\/v2\/pages\/14422\/revisions"}],"predecessor-version":[{"id":29852,"href":"https:\/\/www.feuerwehr-brilon.de\/index.php?rest_route=\/wp\/v2\/pages\/14422\/revisions\/29852"}],"up":[{"embeddable":true,"href":"https:\/\/www.feuerwehr-brilon.de\/index.php?rest_route=\/wp\/v2\/pages\/700"}],"wp:attachment":[{"href":"https:\/\/www.feuerwehr-brilon.de\/index.php?rest_route=%2Fwp%2Fv2%2Fmedia&parent=14422"}],"curies":[{"name":"wp","href":"https:\/\/api.w.org\/{rel}","templated":true}]}}