{"id":1737,"date":"2010-01-29T15:04:32","date_gmt":"2010-01-29T14:04:32","guid":{"rendered":"http:\/\/www.feuerwehr-brilon.de\/?page_id=1737"},"modified":"2023-11-29T17:23:42","modified_gmt":"2023-11-29T16:23:42","slug":"jugendfeuerwehrwarte","status":"publish","type":"page","link":"https:\/\/www.feuerwehr-brilon.de\/?page_id=1737","title":{"rendered":"Jugendfeuerwehrwarte"},"content":{"rendered":"<h2>Stadtjugendfeuerwehrwart<\/h2>\n<table border=\"0\" cellspacing=\"0\" cellpadding=\"0\" width=\"100%\">\n<tbody>\n<tr>\n<td align=\"center\"><img loading=\"lazy\" decoding=\"async\" class=\"alignnone size-full wp-image-690\" title=\"sb\" src=\"http:\/\/www.feuerwehr-brilon.de\/images\/passbilder\/hkn.JPG\" alt=\"\" width=\"200\" height=\"288\"><\/td>\n<td align=\"center\"><img loading=\"lazy\" decoding=\"async\" class=\"alignnone size-full wp-image-690\" title=\"sb\" src=\"http:\/\/www.feuerwehr-brilon.de\/images\/passbilder\/1_passbild_blank.jpg\" alt=\"\" width=\"200\" height=\"288\"><\/td>\n<\/tr>\n<tr>\n<td align=\"center\">Stadtjugendfeuerwehrwart<\/td>\n<td align=\"center\">stv. Stadtjugendfeuerwehrwart<\/td>\n<\/tr>\n<tr>\n<td align=\"center\">Holger Knackstedt<\/td>\n<td align=\"center\"><\/td>\n<\/tr>\n<tr>\n<td align=\"center\"><a href=\"mailto:jugendfeuerwehr@feuerwehr-brilon.de\">jugendfeuerwehr(at)feuerwehr-brilon.de<\/a><\/td>\n<td align=\"center\"><a href=\"mailto:jugendfeuerwehr@feuerwehr-brilon.de\">jugendfeuerwehr(at)feuerwehr-brilon.de<\/a><\/td>\n<\/tr>\n<\/tbody>\n<\/table>\n<ul>\n<li>Der Stadtjugendfeuerwehrwart vertritt die Jugendfeuerwehr der Stadt Brilon<\/li>\n<li>Er ist der Betreuer der Jugendfeuerwehr innerhalb der Stadt und der Verbindungsmann zum Leiter der Feuerwehr<\/li>\n<li>Er ist ferner Kontaktperson zu anderen Stellen auf Stadt-, Kreis- und Landesebene<\/li>\n<\/ul>\n<h2>Jugendfeuerwehr <a href=\"http:\/\/www.feuerwehr-brilon.de\/?page_id=266\">Alme<\/a><\/h2>\n<table border=\"0\" cellspacing=\"0\" cellpadding=\"0\" width=\"100%\">\n<tbody>\n<tr>\n<td align=\"center\"><img loading=\"lazy\" decoding=\"async\" class=\"alignnone size-full wp-image-690\" title=\"sb\" src=\"http:\/\/www.feuerwehr-brilon.de\/images\/passbilder\/hre.jpg\" alt=\"\" width=\"200\" height=\"288\"><\/td>\n<td align=\"center\"><img loading=\"lazy\" decoding=\"async\" class=\"alignnone size-full wp-image-690\" title=\"sb\" src=\"http:\/\/www.feuerwehr-brilon.de\/images\/passbilder\/1_passbild_blank.jpg\" alt=\"\" width=\"200\" height=\"288\"><\/td>\n<\/tr>\n<tr>\n<td align=\"center\">Jugendfeuerwehrwart<\/td>\n<td align=\"center\">stv. Jugendfeuerwehrwart<\/td>\n<\/tr>\n<tr>\n<td align=\"center\">Hendrik Runge<\/td>\n<td align=\"center\">Lucas H\u00f6lmer<\/td>\n<\/tr>\n<tr>\n<td align=\"center\"><a href=\"mailto:alme_jf@feuerwehr-brilon.de\">Alme_JF(at)feuerwehr-brilon.de<\/a><\/td>\n<td align=\"center\"><a href=\"mailto:alme_jf@feuerwehr-brilon.de\"><\/a><\/td>\n<\/tr>\n<\/tbody>\n<\/table>\n<h2>Jugendfeuerwehr <a href=\"http:\/\/www.feuerwehr-brilon.de\/?page_id=270\">Bontkirchen<\/a><\/h2>\n<table border=\"0\" cellspacing=\"0\" cellpadding=\"0\" width=\"100%\">\n<tbody>\n<tr>\n<td align=\"center\"><img loading=\"lazy\" decoding=\"async\" class=\"alignnone size-full wp-image-690\" title=\"sb\" src=\"http:\/\/www.feuerwehr-brilon.de\/images\/passbilder\/bontkirchen_jf_f.jpg\" alt=\"\" width=\"200\" height=\"288\"><\/td>\n<td align=\"center\"><img loading=\"lazy\" decoding=\"async\" class=\"alignnone size-full wp-image-690\" title=\"sb\" src=\"http:\/\/www.feuerwehr-brilon.de\/images\/passbilder\/1_passbild_blank.jpg\" alt=\"\" width=\"200\" height=\"288\"><\/td>\n<\/tr>\n<tr>\n<td align=\"center\">Jugendfeuerwehrwart<\/td>\n<td align=\"center\">stv. Jugendfeuerwehrwart<\/td>\n<\/tr>\n<tr>\n<td align=\"center\">Frank Br\u00fcne<\/td>\n<td align=\"center\">Bernd Offergeld<\/td>\n<\/tr>\n<tr>\n<td align=\"center\"><a href=\"mailto:bontkirchen_jf@feuerwehr-brilon.de\">Bontkirchen_JF(at)feuerwehr-brilon.de<\/a><\/td>\n<\/tr>\n<\/tbody>\n<\/table>\n<h2>Jugendfeuerwehr <a href=\"http:\/\/www.feuerwehr-brilon.de\/?page_id=280\">Brilon<\/a><\/h2>\n<table border=\"0\" cellspacing=\"0\" cellpadding=\"0\" width=\"100%\">\n<tbody>\n<tr>\n<td align=\"center\"><img loading=\"lazy\" decoding=\"async\" class=\"alignnone size-full wp-image-690\" title=\"sb\" src=\"http:\/\/www.feuerwehr-brilon.de\/images\/passbilder\/hkn.JPG\" alt=\"\" width=\"200\" height=\"288\"><\/td>\n<td align=\"center\"><img loading=\"lazy\" decoding=\"async\" class=\"alignnone size-full wp-image-690\" title=\"sb\" src=\"http:\/\/www.feuerwehr-brilon.de\/images\/passbilder\/1_passbild_blank.jpg\" alt=\"\" width=\"200\" height=\"288\"><\/td>\n<\/tr>\n<tr>\n<td align=\"center\">Jugendfeuerwehrwart<\/td>\n<td align=\"center\">stv. Jugendfeuerwehrwart<\/td>\n<\/tr>\n<tr>\n<td align=\"center\">Holger Knackstedt<\/td>\n<td align=\"center\">Reinhard Becker<\/td>\n<\/tr>\n<tr>\n<td align=\"center\"><a href=\"mailto:brilon_jf@feuerwehr-brilon.de\">Brilon_JF(at)feuerwehr-brilon.de<\/a><\/td>\n<td align=\"center\"><a href=\"mailto:brilon_jf@feuerwehr-brilon.de\"><\/a><\/td>\n<\/tr>\n<\/tbody>\n<\/table>\n<h2>Jugendfeuerwehr <a href=\"http:\/\/www.feuerwehr-brilon.de\/?page_id=272\">Hoppecke<\/a><\/h2>\n<table border=\"0\" cellspacing=\"0\" cellpadding=\"0\" width=\"100%\">\n<tbody>\n<tr>\n<td align=\"center\"><img loading=\"lazy\" decoding=\"async\" class=\"alignnone size-full wp-image-690\" title=\"sb\" src=\"http:\/\/www.feuerwehr-brilon.de\/images\/passbilder\/hoppecke_jf__f.JPG\" alt=\"\" width=\"200\" height=\"288\"><\/td>\n<td align=\"center\"><img loading=\"lazy\" decoding=\"async\" class=\"alignnone size-full wp-image-690\" title=\"sb\" src=\"http:\/\/www.feuerwehr-brilon.de\/images\/passbilder\/1_passbild_blank.jpg\" alt=\"\" width=\"200\" height=\"288\"><\/td>\n<\/tr>\n<tr>\n<td align=\"center\">Jugendfeuerwehrwart<\/td>\n<td align=\"center\">stv. Jugendfeuerwehrwart<\/td>\n<\/tr>\n<tr>\n<td align=\"center\">Marcel Morhenne<\/td>\n<td align=\"center\"><\/td>\n<\/tr>\n<tr>\n<td align=\"center\"><a href=\"mailto:hoppecke_jf@feuerwehr-brilon.de\">Hoppecke_JF(at)feuerwehr-brilon.de<\/a><\/td>\n<td align=\"center\"><a href=\"mailto:hoppecke_jf@feuerwehr-brilon.de\"><\/a><\/td>\n<\/tr>\n<\/tbody>\n<\/table>\n<h2>Jugendfeuerwehr <a href=\"http:\/\/www.feuerwehr-brilon.de\/?page_id=276\">Messinghausen<\/a><\/h2>\n<table border=\"0\" cellspacing=\"0\" cellpadding=\"0\" width=\"100%\">\n<tbody>\n<tr>\n<td align=\"center\"><img loading=\"lazy\" decoding=\"async\" class=\"alignnone size-full wp-image-690\" title=\"sb\" src=\"http:\/\/www.feuerwehr-brilon.de\/images\/passbilder\/1_passbild_blank.jpg\" alt=\"\" width=\"200\" height=\"288\"><\/td>\n<td align=\"center\"><img loading=\"lazy\" decoding=\"async\" class=\"alignnone size-full wp-image-690\" title=\"sb\" src=\"http:\/\/www.feuerwehr-brilon.de\/images\/passbilder\/1_passbild_blank.jpg\" alt=\"\" width=\"200\" height=\"288\"><\/td>\n<\/tr>\n<tr>\n<td align=\"center\">Jugendfeuerwehrwart<\/td>\n<td align=\"center\">stv. Jugendfeuerwehrwart<\/td>\n<\/tr>\n<tr>\n<td align=\"center\">Uwe Arens<\/td>\n<td align=\"center\">Benjamin Kleff<\/td>\n<\/tr>\n<tr>\n<td align=\"center\"><a href=\"mailto:messinghausen_jf@feuerwehr-brilon.de\">Messinghausen_JF(at)feuerwehr-brilon.de<\/a><\/td>\n<\/tr>\n<\/tbody>\n<\/table>\n<h2>Jugendfeuerwehr <a href=\"http:\/\/www.feuerwehr-brilon.de\/?page_id=278\">R\u00f6senbeck<\/a><\/h2>\n<table border=\"0\" cellspacing=\"0\" cellpadding=\"0\" width=\"100%\">\n<tbody>\n<tr>\n<td align=\"center\"><img loading=\"lazy\" decoding=\"async\" class=\"alignnone size-full wp-image-690\" title=\"sb\" src=\"http:\/\/www.feuerwehr-brilon.de\/images\/passbilder\/1_passbild_blank.jpg\" alt=\"\" width=\"200\" height=\"288\"><\/td>\n<td align=\"center\"><img loading=\"lazy\" decoding=\"async\" class=\"alignnone size-full wp-image-690\" title=\"sb\" src=\"http:\/\/www.feuerwehr-brilon.de\/images\/passbilder\/1_passbild_blank.jpg\" alt=\"\" width=\"200\" height=\"288\"><\/td>\n<\/tr>\n<tr>\n<td align=\"center\">Jugendfeuerwehrwart<\/td>\n<td align=\"center\">stv. Jugendfeuerwehrwart<\/td>\n<\/tr>\n<tr>\n<td align=\"center\">Philipp Gerhold<\/td>\n<td align=\"center\">Stefan Schmidt<\/td>\n<\/tr>\n<tr>\n<td align=\"center\"><a href=\"mailto:roesenbeck_jf@feuerwehr-brilon.de\">Roesenbeck_JF(at)feuerwehr-brilon.de<\/a><\/td>\n<td align=\"center\"><a href=\"mailto:roesenbeck_jf@feuerwehr-brilon.de\"><\/a><\/td>\n<\/tr>\n<\/tbody>\n<\/table>\n<h2>Jugendfeuerwehr <a href=\"http:\/\/www.feuerwehr-brilon.de\/?page_id=14920\">Th\u00fclen<\/a><\/h2>\n<table border=\"0\" cellspacing=\"0\" cellpadding=\"0\" width=\"100%\">\n<tbody>\n<tr>\n<td align=\"center\"><img loading=\"lazy\" decoding=\"async\" class=\"alignnone size-full wp-image-690\" title=\"sb\" src=\"http:\/\/www.feuerwehr-brilon.de\/images\/passbilder\/1_passbild_blank.jpg\" alt=\"\" width=\"200\" height=\"288\"><\/td>\n<td align=\"center\"><img loading=\"lazy\" decoding=\"async\" class=\"alignnone size-full wp-image-690\" title=\"sb\" src=\"http:\/\/www.feuerwehr-brilon.de\/images\/passbilder\/1_passbild_blank.jpg\" alt=\"\" width=\"200\" height=\"288\"><\/td>\n<\/tr>\n<tr>\n<td align=\"center\">Jugendfeuerwehrwart<\/td>\n<td align=\"center\">stv. Jugendfeuerwehrwart<\/td>\n<\/tr>\n<tr>\n<td align=\"center\">Thomas Walzak<\/td>\n<td align=\"center\"><\/td>\n<\/tr>\n<tr>\n<td align=\"center\"><a href=\"mailto:thuelen_jf@feuerwehr-brilon.de\">Thuelen_JF(at)feuerwehr-brilon.de<\/a><\/td>\n<td align=\"center\"><a href=\"mailto:thuelen_jf@feuerwehr-brilon.de\"><\/a><\/td>\n<\/tr>\n<\/tbody>\n<\/table>\n","protected":false},"excerpt":{"rendered":"<p>Stadtjugendfeuerwehrwart Stadtjugendfeuerwehrwart stv. Stadtjugendfeuerwehrwart Holger Knackstedt jugendfeuerwehr(at)feuerwehr-brilon.de jugendfeuerwehr(at)feuerwehr-brilon.de Der Stadtjugendfeuerwehrwart vertritt die Jugendfeuerwehr der Stadt Brilon Er ist der Betreuer der Jugendfeuerwehr innerhalb der Stadt und der Verbindungsmann zum Leiter der Feuerwehr Er ist ferner Kontaktperson zu anderen Stellen auf Stadt-, Kreis- und Landesebene Jugendfeuerwehr Alme Jugendfeuerwehrwart stv. Jugendfeuerwehrwart Hendrik Runge Lucas H\u00f6lmer Alme_JF(at)feuerwehr-brilon.de Jugendfeuerwehr [&hellip;]<\/p>\n","protected":false},"author":6,"featured_media":0,"parent":700,"menu_order":0,"comment_status":"closed","ping_status":"closed","template":"","meta":{"_exactmetrics_skip_tracking":false,"_exactmetrics_sitenote_active":false,"_exactmetrics_sitenote_note":"","_exactmetrics_sitenote_category":0,"jetpack_post_was_ever_published":false,"footnotes":""},"class_list":["post-1737","page","type-page","status-publish","hentry"],"jetpack_shortlink":"https:\/\/wp.me\/PCIJa-s1","jetpack_sharing_enabled":true,"jetpack-related-posts":[{"id":778,"url":"https:\/\/www.feuerwehr-brilon.de\/?page_id=778","url_meta":{"origin":1737,"position":0},"title":"Bilder","author":"Marc Heines","date":"2. April 2009","format":false,"excerpt":"\u00a0 \u00a0","rel":"","context":"In &quot;Allgemein&quot;","block_context":{"text":"Allgemein","link":"https:\/\/www.feuerwehr-brilon.de\/?cat=1"},"img":{"alt_text":"Gruppe 2002","src":"https:\/\/i0.wp.com\/www.feuerwehr-brilon.de\/wp-up\/2009\/04\/messinghausen_2002-500x327-125x125.jpg?resize=350%2C200","width":350,"height":200},"classes":[]},{"id":266,"url":"https:\/\/www.feuerwehr-brilon.de\/?page_id=266","url_meta":{"origin":1737,"position":1},"title":"Alme","author":"Daniel Vogel","date":"19. August 2008","format":false,"excerpt":"Die Jugendfeuerwehr der L\u00f6schgruppe Alme besteht zur Zeit aus 10 Mitgliedern. Sie wurde im am 10.9.2003 gegr\u00fcndet. \u00a0 Die Jugendfeuerwehr der L\u00f6schgruppe Alme 2009 mit Betreuern Jugendfeuerwehrwart: Wolfgang Henke stellv. Jugendfeuerwehrwart: Hendrik Runge Bilder","rel":"","context":"In &quot;Allgemein&quot;","block_context":{"text":"Allgemein","link":"https:\/\/www.feuerwehr-brilon.de\/?cat=1"},"img":{"alt_text":"","src":"https:\/\/i0.wp.com\/www.feuerwehr-brilon.de\/wp-up\/2009\/04\/gruppe09-500x329.jpg?resize=350%2C200","width":350,"height":200},"classes":[]},{"id":270,"url":"https:\/\/www.feuerwehr-brilon.de\/?page_id=270","url_meta":{"origin":1737,"position":2},"title":"Bontkirchen","author":"Daniel Vogel","date":"19. August 2008","format":false,"excerpt":"Die Jugendfeuerwehr der L\u00f6schgruppe Bontkirchen besteht zur Zeit aus 10 Mitgliedern. Sie wurde im Jahre 2005 neu gegr\u00fcndet. Die Jugendfeuerwehr der L\u00f6schgruppe Bontkirchen im Jahre 2014 mit Betreuern Jugendfeuerwehrwart: Frank Br\u00fcne stellv. Jugendfeuerwehrwart: Bernd Offergeld","rel":"","context":"In &quot;Allgemein&quot;","block_context":{"text":"Allgemein","link":"https:\/\/www.feuerwehr-brilon.de\/?cat=1"},"img":{"alt_text":"","src":"https:\/\/i0.wp.com\/www.feuerwehr-brilon.de\/images\/gruppenbild\/jf_bontkirchen.jpg?resize=350%2C200","width":350,"height":200},"classes":[]},{"id":272,"url":"https:\/\/www.feuerwehr-brilon.de\/?page_id=272","url_meta":{"origin":1737,"position":3},"title":"Hoppecke","author":"Daniel Vogel","date":"19. August 2008","format":false,"excerpt":"Die Jugendfeuerwehr der L\u00f6schgruppe Hoppecke hat zur Zeit 13 Mitglieder. Sie wurde im Jahre 1991 neu gegr\u00fcndet. \u00a0 Die Jugendfeuerwehr der L\u00f6schgruppe Hoppecke im Jahre 2011 Jugendfeuerwehrwart: Marcel Morhenne stellv. Jugendfeuerwehrwart: Hier geht's zum aktuellen Dienstplan Unsere Seifenkiste im Einsatz, Seifenkistenrennen beim Stadtjugendfeuerwehrtag in Madfeld 1999. Im Verlauf von einigen\u2026","rel":"","context":"In &quot;Allgemein&quot;","block_context":{"text":"Allgemein","link":"https:\/\/www.feuerwehr-brilon.de\/?cat=1"},"img":{"alt_text":"","src":"https:\/\/i0.wp.com\/www.feuerwehr-brilon.de\/images\/gruppenbild\/jf_hoppecke_.jpg?resize=350%2C200","width":350,"height":200},"classes":[]},{"id":278,"url":"https:\/\/www.feuerwehr-brilon.de\/?page_id=278","url_meta":{"origin":1737,"position":4},"title":"R\u00f6senbeck","author":"Daniel Vogel","date":"19. August 2008","format":false,"excerpt":"Die Jugendfeuerwehr der L\u00f6schgruppe R\u00f6senbeck hat zur Zeit 11 Mitglieder. Sie wurde im Jahre 1971 gegr\u00fcndet. Die Jugendfeuerwehr der L\u00f6schgruppe R\u00f6senbeck im Jahre 2011 Jugendfeuerwehrwart: Philipp Gerhold stv. Jugendfeuerwehrwart: Stefan Schmidt Hier geht\u00b4s zum aktuellen Dienstplan","rel":"","context":"In &quot;Allgemein&quot;","block_context":{"text":"Allgemein","link":"https:\/\/www.feuerwehr-brilon.de\/?cat=1"},"img":{"alt_text":"","src":"\/images\/gruppenbild\/jf_roesenbeck.jpg","width":350,"height":200},"classes":[]},{"id":257,"url":"https:\/\/www.feuerwehr-brilon.de\/?page_id=257","url_meta":{"origin":1737,"position":5},"title":"Jugendfeuerwehr","author":"Daniel Vogel","date":"19. August 2008","format":false,"excerpt":"Wir begr\u00fc\u00dfen Sie auf den Seiten der Jugendfeuerwehr der Freiwilligen Feuerwehr Brilon. In unserer Feuerwehr gibt es seit \u00fcber 30 Jahren in verschiedenen L\u00f6schgruppen sowie im L\u00f6schzug eine Jugendfeuerwehr. Zur Zeit bestehen sechs Jugendfeuerwehren mit insgesamt 78 Jugendfeuerwehrm\u00e4nnern und -frauen. Die einzelnen Jugendfeuerwehren stellen sich auf den folgenden Seiten vor.\u2026","rel":"","context":"In &quot;Allgemein&quot;","block_context":{"text":"Allgemein","link":"https:\/\/www.feuerwehr-brilon.de\/?cat=1"},"img":{"alt_text":"","src":"https:\/\/i0.wp.com\/www.feuerwehr-brilon.de\/wp-up\/2009\/04\/jf_alle-500x170.jpg?resize=350%2C200","width":350,"height":200},"classes":[]}],"_links":{"self":[{"href":"https:\/\/www.feuerwehr-brilon.de\/index.php?rest_route=\/wp\/v2\/pages\/1737","targetHints":{"allow":["GET"]}}],"collection":[{"href":"https:\/\/www.feuerwehr-brilon.de\/index.php?rest_route=\/wp\/v2\/pages"}],"about":[{"href":"https:\/\/www.feuerwehr-brilon.de\/index.php?rest_route=\/wp\/v2\/types\/page"}],"author":[{"embeddable":true,"href":"https:\/\/www.feuerwehr-brilon.de\/index.php?rest_route=\/wp\/v2\/users\/6"}],"replies":[{"embeddable":true,"href":"https:\/\/www.feuerwehr-brilon.de\/index.php?rest_route=%2Fwp%2Fv2%2Fcomments&post=1737"}],"version-history":[{"count":3,"href":"https:\/\/www.feuerwehr-brilon.de\/index.php?rest_route=\/wp\/v2\/pages\/1737\/revisions"}],"predecessor-version":[{"id":31774,"href":"https:\/\/www.feuerwehr-brilon.de\/index.php?rest_route=\/wp\/v2\/pages\/1737\/revisions\/31774"}],"up":[{"embeddable":true,"href":"https:\/\/www.feuerwehr-brilon.de\/index.php?rest_route=\/wp\/v2\/pages\/700"}],"wp:attachment":[{"href":"https:\/\/www.feuerwehr-brilon.de\/index.php?rest_route=%2Fwp%2Fv2%2Fmedia&parent=1737"}],"curies":[{"name":"wp","href":"https:\/\/api.w.org\/{rel}","templated":true}]}}