{"id":23302,"date":"2023-05-12T12:10:21","date_gmt":"2023-05-12T10:10:21","guid":{"rendered":"https:\/\/www.feuerwehr-brilon.de\/?page_id=23302"},"modified":"2023-05-12T12:10:55","modified_gmt":"2023-05-12T10:10:55","slug":"mannschaft-transport-fahrzeug-alme","status":"publish","type":"page","link":"https:\/\/www.feuerwehr-brilon.de\/?page_id=23302","title":{"rendered":"Mannschaft-Transport-Fahrzeug &#8211; Alme"},"content":{"rendered":"<table>\n<tbody>\n<tr>\n<td width=\"440\"><a href=\"\/images\/fahrzeuge\/mtf_alme_gross_1.JPG\" rel=\"lightbox\"><img decoding=\"async\" class=\"alignleft size-thumbnail wp-image-16281\" src=\"\/images\/fahrzeuge\/mtf_alme_gross_1.JPG\" alt=\"mtf_alme-1\" width=\"\" height=\"\"><\/a><\/td>\n<td>\n<a href=\"\/images\/fahrzeuge\/mtf_alme_gross_1.JPG\" rel=\"lightbox\"><img loading=\"lazy\" decoding=\"async\" class=\"aligright size-thumbnail wp-image-16281 alignright\" src=\"\/images\/fahrzeuge\/mtf_alme_klein_1.JPG\" alt=\"mtf_alme-1\" width=\"132\" height=\"88\"><\/a><\/p>\n<\/td>\n<\/tr>\n<p>&nbsp;<\/p>\n<table class=\"vehicle\">\n<thead>\n<tr>\n<th colspan=\"2\">Allgemeine Informationen:<\/th>\n<\/tr>\n<\/thead>\n<tbody>\n<tr>\n<td class=\"vehicletext\">Typ<\/td>\n<td class=\"vehicledata\">MTF<\/td>\n<\/tr>\n<tr>\n<td class=\"vehicletext\">Besatzung<\/td>\n<td class=\"vehicledata\">1 \/ 8<\/td>\n<\/tr>\n<tr>\n<td class=\"vehicletext\">Funkrufname<\/td>\n<td class=\"vehicledata\">Florian Brilon 2 MTF 1<\/td>\n<\/tr>\n<tr>\n<td class=\"vehicletext\">Standort<\/td>\n<td class=\"vehicledata\">Alme<\/td>\n<\/tr>\n<\/tbody>\n<\/table>\n<table class=\"vehicle\">\n<thead>\n<tr>\n<th colspan=\"2\">Technische Daten:<\/th>\n<\/tr>\n<\/thead>\n<tbody>\n<tr>\n<td class=\"vehicletext\">Baujahr<\/td>\n<td class=\"vehicledata\">2021<\/td>\n<\/tr>\n<tr>\n<td class=\"vehicletext\">Leistung<\/td>\n<td class=\"vehicledata\">130 KW \/ 176 PS<\/td>\n<\/tr>\n<tr>\n<td class=\"vehicletext\">Hersteller<\/td>\n<td class=\"vehicledata\">VW<\/td>\n<\/tr>\n<tr>\n<td class=\"vehicletext\">Fahrgestell<\/td>\n<td class=\"vehicledata\">Crafter<\/td>\n<\/tr>\n<tr>\n<td class=\"vehicletext\">Aufbau<\/td>\n<td class=\"vehicledata\">Sch\u00e4fer<\/td>\n<\/tr>\n<tr>\n<td class=\"vehicletext\">Gewicht<\/td>\n<td class=\"vehicledata\">3,49 t<\/td>\n<\/tr>\n<\/tbody>\n<\/table>\n<table class=\"vehicle\">\n<thead>\n<tr>\n<th colspan=\"2\">Besonderheiten:<\/th>\n<\/tr>\n<\/thead>\n<tbody>\n<tr>\n<td class=\"vehicletext\" colspan=\"2\">Heckwarneinrichtung<\/td>\n<\/tr>\n<\/tbody>\n<\/table>\n","protected":false},"excerpt":{"rendered":"<p>&nbsp; Allgemeine Informationen: Typ MTF Besatzung 1 \/ 8 Funkrufname Florian Brilon 2 MTF 1 Standort Alme Technische Daten: Baujahr 2021 Leistung 130 KW \/ 176 PS Hersteller VW Fahrgestell Crafter Aufbau Sch\u00e4fer Gewicht 3,49 t Besonderheiten: Heckwarneinrichtung<\/p>\n","protected":false},"author":8,"featured_media":0,"parent":11,"menu_order":0,"comment_status":"closed","ping_status":"closed","template":"","meta":{"_exactmetrics_skip_tracking":false,"_exactmetrics_sitenote_active":false,"_exactmetrics_sitenote_note":"","_exactmetrics_sitenote_category":0,"jetpack_post_was_ever_published":false,"footnotes":""},"class_list":["post-23302","page","type-page","status-publish","hentry"],"jetpack_shortlink":"https:\/\/wp.me\/PCIJa-63Q","jetpack_sharing_enabled":true,"jetpack-related-posts":[{"id":11,"url":"https:\/\/www.feuerwehr-brilon.de\/?page_id=11","url_meta":{"origin":23302,"position":0},"title":"Fahrzeuge","author":"Daniel Vogel","date":"28. Mai 2008","format":false,"excerpt":"Bei der Freiwilligen Feuerwehr der Stadt Brilon sind in einem L\u00f6schzug und zw\u00f6lf L\u00f6schgruppen folgende Fahrzeuge stationiert. Einsatzfahrzeuge des L\u00f6schzug Brilon ELW 1 KEF TLF 4000 DLK 23\/12 HLF 20-01 LF 20 KatS HLF 20-02 Gw-L 2 GW-G MLF Einsatzfahrzeuge der L\u00f6schgruppen MLF Alme MTF Alme MLF Altenb\u00fcren MLF Bontkirchen\u2026","rel":"","context":"In &quot;Allgemein&quot;","block_context":{"text":"Allgemein","link":"https:\/\/www.feuerwehr-brilon.de\/?cat=1"},"img":{"alt_text":"","src":"","width":0,"height":0},"classes":[]},{"id":1321,"url":"https:\/\/www.feuerwehr-brilon.de\/?page_id=1321","url_meta":{"origin":23302,"position":1},"title":"Mannschafts-Transport-Fahrzeug &#8211; Hoppecke","author":"Andreas Becker","date":"28. August 2009","format":false,"excerpt":"\u00a0 Allgemeine Informationen: Typ MTF Besatzung 1 \/ 8 Funkrufname Florian Brilon 5 MTF 1 Standort Hoppecke Technische Daten: Baujahr 2010 Leistung 63 KW \/ 86 PS Hersteller Ford Fahrgestell Transit Aufbau FT 280 K Gewicht 2,8 t Besonderheiten: Das Fahrzeug dient zum Transport von Einsatzkr\u00e4ften zur Einsatzstelle.","rel":"","context":"In &quot;Allgemein&quot;","block_context":{"text":"Allgemein","link":"https:\/\/www.feuerwehr-brilon.de\/?cat=1"},"img":{"alt_text":"MTF","src":"\/images\/fahrzeuge\/mtf_hop_gross_1.JPG","width":350,"height":200,"srcset":"\/images\/fahrzeuge\/mtf_hop_gross_1.JPG 1x, \/images\/fahrzeuge\/mtf_hop_gross_1.JPG 1.5x, \/images\/fahrzeuge\/mtf_hop_gross_1.JPG 2x"},"classes":[]},{"id":1329,"url":"https:\/\/www.feuerwehr-brilon.de\/?page_id=1329","url_meta":{"origin":23302,"position":2},"title":"Tragkraft-Spritzen-Fahrzeug &#8211; Hoppecke","author":"Andreas Becker","date":"28. August 2009","format":false,"excerpt":"Allgemeine Informationen: Typ TSF Besatzung 1 \/ 5 Funkrufname Florian Brilon 5 TSF 1 Standort Hoppecke Technische Daten: Baujahr 1978 Leistung 63 KW \/ 86 PS Hersteller Mercedes Benz Fahrgestell 602\/35 Aufbau Ziegler Gewicht 3,5 t Besonderheiten: Tragkraftspritze, TS 8\/8, Differentialsperre, \u00dcberdruckl\u00fcfter","rel":"","context":"In &quot;Allgemein&quot;","block_context":{"text":"Allgemein","link":"https:\/\/www.feuerwehr-brilon.de\/?cat=1"},"img":{"alt_text":"MTF","src":"\/wp-up\/2009\/08\/TSF_Hoppecke_vl.jpg","width":350,"height":200,"srcset":"\/wp-up\/2009\/08\/TSF_Hoppecke_vl.jpg 1x, \/wp-up\/2009\/08\/TSF_Hoppecke_vl.jpg 1.5x, \/wp-up\/2009\/08\/TSF_Hoppecke_vl.jpg 2x"},"classes":[]},{"id":9300,"url":"https:\/\/www.feuerwehr-brilon.de\/?page_id=9300","url_meta":{"origin":23302,"position":3},"title":"Fahrzeug-Reservierungen","author":"Andreas Becker","date":"29. November 2013","format":false,"excerpt":"In diesem Kalender sind Fahrzeugreservierungen und Lehrg\u00e4nge zu sehen. Anfragen bzw. Fahrzeugreservierungen bitte an reservierung@feuerwehr-brilon.de senden. (Bitte auch Uhrzeiten von\/bis angeben!) Poolfahrzeuge: - MTF Brilon - LF20KatS Brilon - Gw-G Brilon - KEF Brilon - HLF20-2 Brilon - MTF Hoppecke","rel":"","context":"\u00c4hnlicher Beitrag","block_context":{"text":"\u00c4hnlicher Beitrag","link":""},"img":{"alt_text":"","src":"","width":0,"height":0},"classes":[]},{"id":27,"url":"https:\/\/www.feuerwehr-brilon.de\/?page_id=27","url_meta":{"origin":23302,"position":4},"title":"Alme","author":"Daniel Vogel","date":"28. Mai 2008","format":false,"excerpt":"Die L\u00f6schgruppe Alme besteht zur Zeit aus 27 Mitgliedern. Sie ist f\u00fcr den Brandschutz im Ortsteil Alme ( 1.831 Einwohner) zust\u00e4ndig. Feuerwehrger\u00e4tehaus Alme L\u00f6schgruppenf\u00fchrer: Patrik Sewtz stellv. L\u00f6schgruppenf\u00fchrer: Ansgar Rettler Historisches der L\u00f6schgruppe Alme","rel":"","context":"In &quot;Allgemein&quot;","block_context":{"text":"Allgemein","link":"https:\/\/www.feuerwehr-brilon.de\/?cat=1"},"img":{"alt_text":"","src":"https:\/\/i0.wp.com\/www.feuerwehr-brilon.de\/images\/gruppenbild\/gr_alme.jpg?resize=350%2C200","width":350,"height":200,"srcset":"https:\/\/i0.wp.com\/www.feuerwehr-brilon.de\/images\/gruppenbild\/gr_alme.jpg?resize=350%2C200 1x, https:\/\/i0.wp.com\/www.feuerwehr-brilon.de\/images\/gruppenbild\/gr_alme.jpg?resize=525%2C300 1.5x"},"classes":[]},{"id":266,"url":"https:\/\/www.feuerwehr-brilon.de\/?page_id=266","url_meta":{"origin":23302,"position":5},"title":"Alme","author":"Daniel Vogel","date":"19. August 2008","format":false,"excerpt":"Die Jugendfeuerwehr der L\u00f6schgruppe Alme besteht zur Zeit aus 10 Mitgliedern. Sie wurde im am 10.9.2003 gegr\u00fcndet. \u00a0 Die Jugendfeuerwehr der L\u00f6schgruppe Alme 2009 mit Betreuern Jugendfeuerwehrwart: Wolfgang Henke stellv. Jugendfeuerwehrwart: Hendrik Runge Bilder","rel":"","context":"In &quot;Allgemein&quot;","block_context":{"text":"Allgemein","link":"https:\/\/www.feuerwehr-brilon.de\/?cat=1"},"img":{"alt_text":"","src":"https:\/\/i0.wp.com\/www.feuerwehr-brilon.de\/wp-up\/2009\/04\/gruppe09-500x329.jpg?resize=350%2C200","width":350,"height":200},"classes":[]}],"_links":{"self":[{"href":"https:\/\/www.feuerwehr-brilon.de\/index.php?rest_route=\/wp\/v2\/pages\/23302","targetHints":{"allow":["GET"]}}],"collection":[{"href":"https:\/\/www.feuerwehr-brilon.de\/index.php?rest_route=\/wp\/v2\/pages"}],"about":[{"href":"https:\/\/www.feuerwehr-brilon.de\/index.php?rest_route=\/wp\/v2\/types\/page"}],"author":[{"embeddable":true,"href":"https:\/\/www.feuerwehr-brilon.de\/index.php?rest_route=\/wp\/v2\/users\/8"}],"replies":[{"embeddable":true,"href":"https:\/\/www.feuerwehr-brilon.de\/index.php?rest_route=%2Fwp%2Fv2%2Fcomments&post=23302"}],"version-history":[{"count":3,"href":"https:\/\/www.feuerwehr-brilon.de\/index.php?rest_route=\/wp\/v2\/pages\/23302\/revisions"}],"predecessor-version":[{"id":31190,"href":"https:\/\/www.feuerwehr-brilon.de\/index.php?rest_route=\/wp\/v2\/pages\/23302\/revisions\/31190"}],"up":[{"embeddable":true,"href":"https:\/\/www.feuerwehr-brilon.de\/index.php?rest_route=\/wp\/v2\/pages\/11"}],"wp:attachment":[{"href":"https:\/\/www.feuerwehr-brilon.de\/index.php?rest_route=%2Fwp%2Fv2%2Fmedia&parent=23302"}],"curies":[{"name":"wp","href":"https:\/\/api.w.org\/{rel}","templated":true}]}}