{"id":266,"date":"2008-08-19T13:09:19","date_gmt":"2008-08-19T12:09:19","guid":{"rendered":"http:\/\/www.feuerwehr-brilon.de\/?page_id=266"},"modified":"2020-05-03T10:01:32","modified_gmt":"2020-05-03T09:01:32","slug":"alme","status":"publish","type":"page","link":"https:\/\/www.feuerwehr-brilon.de\/?page_id=266","title":{"rendered":"Alme"},"content":{"rendered":"<p><span style=\"color: #000000\">Die Jugendfeuerwehr der L\u00f6schgruppe Alme besteht zur Zeit aus 10 Mitgliedern. Sie wurde im am 10.9.2003 gegr\u00fcndet.<\/span><\/p>\n<div>\n<p style=\"text-align: center\"><img loading=\"lazy\" decoding=\"async\" src=\"http:\/\/www.feuerwehr-brilon.de\/wp-up\/2009\/04\/gruppe09-500x329.jpg\" class=\"aligncenter size-medium wp-image-784\" width=\"500\" height=\"329\" title=\"gruppenfoto 09\" alt=\"\"><\/p>\n<p>&nbsp;<\/p>\n<p style=\"text-align: left\">Die Jugendfeuerwehr der L\u00f6schgruppe Alme 2009 mit Betreuern<\/p>\n<\/div>\n<p><span style=\"color: #000000\">Jugendfeuerwehrwart: <\/span>Wolfgang Henke<br \/>\n<span style=\"color: #000000\">stellv. Jugendfeuerwehrwart: Hendrik Runge<\/span><\/p>\n<ul>\n<li><a href=\"http:\/\/www.feuerwehr-brilon.de\/?page_id=785\">Bilder<\/a><\/li>\n<\/ul>\n","protected":false},"excerpt":{"rendered":"<p>Die Jugendfeuerwehr der L\u00f6schgruppe Alme besteht zur Zeit aus 10 Mitgliedern. Sie wurde im am 10.9.2003 gegr\u00fcndet. &nbsp; Die Jugendfeuerwehr der L\u00f6schgruppe Alme 2009 mit Betreuern Jugendfeuerwehrwart: Wolfgang Henke stellv. Jugendfeuerwehrwart: Hendrik Runge Bilder<\/p>\n","protected":false},"author":3,"featured_media":0,"parent":257,"menu_order":1,"comment_status":"closed","ping_status":"closed","template":"","meta":{"_exactmetrics_skip_tracking":false,"_exactmetrics_sitenote_active":false,"_exactmetrics_sitenote_note":"","_exactmetrics_sitenote_category":0,"jetpack_post_was_ever_published":false,"footnotes":""},"class_list":["post-266","page","type-page","status-publish","hentry"],"jetpack_shortlink":"https:\/\/wp.me\/PCIJa-4i","jetpack_sharing_enabled":true,"jetpack-related-posts":[{"id":1737,"url":"https:\/\/www.feuerwehr-brilon.de\/?page_id=1737","url_meta":{"origin":266,"position":0},"title":"Jugendfeuerwehrwarte","author":"Marc Heines","date":"29. Januar 2010","format":false,"excerpt":"Stadtjugendfeuerwehrwart Stadtjugendfeuerwehrwart stv. Stadtjugendfeuerwehrwart Holger Knackstedt jugendfeuerwehr(at)feuerwehr-brilon.de jugendfeuerwehr(at)feuerwehr-brilon.de Der Stadtjugendfeuerwehrwart vertritt die Jugendfeuerwehr der Stadt Brilon Er ist der Betreuer der Jugendfeuerwehr innerhalb der Stadt und der Verbindungsmann zum Leiter der Feuerwehr Er ist ferner Kontaktperson zu anderen Stellen auf Stadt-, Kreis- und Landesebene Jugendfeuerwehr Alme Jugendfeuerwehrwart stv. Jugendfeuerwehrwart Hendrik\u2026","rel":"","context":"In &quot;Allgemein&quot;","block_context":{"text":"Allgemein","link":"https:\/\/www.feuerwehr-brilon.de\/?cat=1"},"img":{"alt_text":"","src":"https:\/\/i0.wp.com\/www.feuerwehr-brilon.de\/images\/passbilder\/hkn.JPG?resize=350%2C200","width":350,"height":200},"classes":[]},{"id":270,"url":"https:\/\/www.feuerwehr-brilon.de\/?page_id=270","url_meta":{"origin":266,"position":1},"title":"Bontkirchen","author":"Daniel Vogel","date":"19. August 2008","format":false,"excerpt":"Die Jugendfeuerwehr der L\u00f6schgruppe Bontkirchen besteht zur Zeit aus 10 Mitgliedern. Sie wurde im Jahre 2005 neu gegr\u00fcndet. Die Jugendfeuerwehr der L\u00f6schgruppe Bontkirchen im Jahre 2014 mit Betreuern Jugendfeuerwehrwart: Frank Br\u00fcne stellv. Jugendfeuerwehrwart: Bernd Offergeld","rel":"","context":"In &quot;Allgemein&quot;","block_context":{"text":"Allgemein","link":"https:\/\/www.feuerwehr-brilon.de\/?cat=1"},"img":{"alt_text":"","src":"https:\/\/i0.wp.com\/www.feuerwehr-brilon.de\/images\/gruppenbild\/jf_bontkirchen.jpg?resize=350%2C200","width":350,"height":200},"classes":[]},{"id":278,"url":"https:\/\/www.feuerwehr-brilon.de\/?page_id=278","url_meta":{"origin":266,"position":2},"title":"R\u00f6senbeck","author":"Daniel Vogel","date":"19. August 2008","format":false,"excerpt":"Die Jugendfeuerwehr der L\u00f6schgruppe R\u00f6senbeck hat zur Zeit 11 Mitglieder. Sie wurde im Jahre 1971 gegr\u00fcndet. Die Jugendfeuerwehr der L\u00f6schgruppe R\u00f6senbeck im Jahre 2011 Jugendfeuerwehrwart: Philipp Gerhold stv. Jugendfeuerwehrwart: Stefan Schmidt Hier geht\u00b4s zum aktuellen Dienstplan","rel":"","context":"In &quot;Allgemein&quot;","block_context":{"text":"Allgemein","link":"https:\/\/www.feuerwehr-brilon.de\/?cat=1"},"img":{"alt_text":"","src":"\/images\/gruppenbild\/jf_roesenbeck.jpg","width":350,"height":200},"classes":[]},{"id":272,"url":"https:\/\/www.feuerwehr-brilon.de\/?page_id=272","url_meta":{"origin":266,"position":3},"title":"Hoppecke","author":"Daniel Vogel","date":"19. August 2008","format":false,"excerpt":"Die Jugendfeuerwehr der L\u00f6schgruppe Hoppecke hat zur Zeit 13 Mitglieder. Sie wurde im Jahre 1991 neu gegr\u00fcndet. \u00a0 Die Jugendfeuerwehr der L\u00f6schgruppe Hoppecke im Jahre 2011 Jugendfeuerwehrwart: Marcel Morhenne stellv. Jugendfeuerwehrwart: Hier geht's zum aktuellen Dienstplan Unsere Seifenkiste im Einsatz, Seifenkistenrennen beim Stadtjugendfeuerwehrtag in Madfeld 1999. Im Verlauf von einigen\u2026","rel":"","context":"In &quot;Allgemein&quot;","block_context":{"text":"Allgemein","link":"https:\/\/www.feuerwehr-brilon.de\/?cat=1"},"img":{"alt_text":"","src":"https:\/\/i0.wp.com\/www.feuerwehr-brilon.de\/images\/gruppenbild\/jf_hoppecke_.jpg?resize=350%2C200","width":350,"height":200},"classes":[]},{"id":276,"url":"https:\/\/www.feuerwehr-brilon.de\/?page_id=276","url_meta":{"origin":266,"position":4},"title":"Messinghausen","author":"Andreas Becker","date":"19. August 2008","format":false,"excerpt":"\u00a0 Die Jugendfeuerwehr der L\u00f6schgruppe Messinghausen hat zur Zeit\u00a015 Mitglieder. Sie wurde am 12.4.1972 gegr\u00fcndet. Jugendfeuerwehrwart: Uwe Arens stellv. Jugendfeuerwehrwart: Benjamin Kleff Weitere Bilder","rel":"","context":"In &quot;Allgemein&quot;","block_context":{"text":"Allgemein","link":"https:\/\/www.feuerwehr-brilon.de\/?cat=1"},"img":{"alt_text":"","src":"https:\/\/i0.wp.com\/www.feuerwehr-brilon.de\/images\/gruppenbild\/jf_messinghausen.jpg?resize=350%2C200","width":350,"height":200},"classes":[]},{"id":14920,"url":"https:\/\/www.feuerwehr-brilon.de\/?page_id=14920","url_meta":{"origin":266,"position":5},"title":"Th\u00fclen","author":"Andreas Becker","date":"15. Juni 2017","format":false,"excerpt":"Die Jugendfeuerwehr der L\u00f6schgruppe Th\u00fclen besteht zur Zeit aus 16 Mitgliedern. Sie wurde am 23. Mai 2017 gegr\u00fcndet. Jugendfeuerwehrwart: Thomas Walzak Stelv. Jugendfeuerwehrwart: Sebastian Wrede \u00dcbungsabend: Dienstags (alle 2 Wochen) Beginn: 18:00 Uhr \u00bb Zum aktuellen Dienstplan","rel":"","context":"\u00c4hnlicher Beitrag","block_context":{"text":"\u00c4hnlicher Beitrag","link":""},"img":{"alt_text":"","src":"https:\/\/i0.wp.com\/www.feuerwehr-brilon.de\/images\/gruppenbild\/jf_thuelen.jpg?resize=350%2C200","width":350,"height":200,"srcset":"https:\/\/i0.wp.com\/www.feuerwehr-brilon.de\/images\/gruppenbild\/jf_thuelen.jpg?resize=350%2C200 1x, https:\/\/i0.wp.com\/www.feuerwehr-brilon.de\/images\/gruppenbild\/jf_thuelen.jpg?resize=525%2C300 1.5x, https:\/\/i0.wp.com\/www.feuerwehr-brilon.de\/images\/gruppenbild\/jf_thuelen.jpg?resize=700%2C400 2x"},"classes":[]}],"_links":{"self":[{"href":"https:\/\/www.feuerwehr-brilon.de\/index.php?rest_route=\/wp\/v2\/pages\/266","targetHints":{"allow":["GET"]}}],"collection":[{"href":"https:\/\/www.feuerwehr-brilon.de\/index.php?rest_route=\/wp\/v2\/pages"}],"about":[{"href":"https:\/\/www.feuerwehr-brilon.de\/index.php?rest_route=\/wp\/v2\/types\/page"}],"author":[{"embeddable":true,"href":"https:\/\/www.feuerwehr-brilon.de\/index.php?rest_route=\/wp\/v2\/users\/3"}],"replies":[{"embeddable":true,"href":"https:\/\/www.feuerwehr-brilon.de\/index.php?rest_route=%2Fwp%2Fv2%2Fcomments&post=266"}],"version-history":[{"count":4,"href":"https:\/\/www.feuerwehr-brilon.de\/index.php?rest_route=\/wp\/v2\/pages\/266\/revisions"}],"predecessor-version":[{"id":22478,"href":"https:\/\/www.feuerwehr-brilon.de\/index.php?rest_route=\/wp\/v2\/pages\/266\/revisions\/22478"}],"up":[{"embeddable":true,"href":"https:\/\/www.feuerwehr-brilon.de\/index.php?rest_route=\/wp\/v2\/pages\/257"}],"wp:attachment":[{"href":"https:\/\/www.feuerwehr-brilon.de\/index.php?rest_route=%2Fwp%2Fv2%2Fmedia&parent=266"}],"curies":[{"name":"wp","href":"https:\/\/api.w.org\/{rel}","templated":true}]}}