{"id":34,"date":"2008-05-28T23:42:33","date_gmt":"2008-05-28T21:42:33","guid":{"rendered":"http:\/\/wptest.k-srv.de\/?page_id=34"},"modified":"2024-10-09T21:17:35","modified_gmt":"2024-10-09T19:17:35","slug":"impressum","status":"publish","type":"page","link":"https:\/\/www.feuerwehr-brilon.de\/?page_id=34","title":{"rendered":"Impressum"},"content":{"rendered":"<p><span>Seit Anfang 2002 muss der Betreiber einer gesch\u00e4ftsm\u00e4\u00dfig gef\u00fchrten Homepage eine so genannte Anbieterkennzeichnung vorhalten. Sie muss leicht erkennbar, unmittelbar erreichbar und st\u00e4ndig verf\u00fcgbar diverse Angaben zur Person machen. Mit gesch\u00e4ftsm\u00e4\u00dfig sind dabei nicht alleine gewerbliche oder kommerzielle Angebote gemeint. Die Impressumspflicht ergibt sich aus \u00a7 6 Teledienstegesetz (TDG). Es wird daher das nachfolgende Impressum eingerichtet:<\/span><\/p>\n<p><span>Diese Internetseiten stellen die Homepage der Freiwilligen Feuerwehr Brilon dar.<\/span><\/p>\n<p><strong>Herausgeber:<\/strong><\/p>\n<p>Freiwillige Feuerwehr Brilon<br \/>\nLeiter der Wehr: Thomas Bauerfeind<br \/>\nGrimmestra\u00dfe 26<br \/>\n59929 Brilon<\/p>\n<p>Telefon: 02961\/2224<br \/>\nE-Mail: <a href=\"mailto:info@feuerwehr-brilon.de\">info@feuerwehr-brilon.de<\/a><br \/>\nInternet: <a title=\"Feuerwehr Brilon\" href=\"http:\/\/www.feuerwehr-brilon.de\" target=\"_blank\" rel=\"noopener\">www.feuerwehr-brilon.de<\/a><\/p>\n<p><strong>Verantwortlich nach \u00a755 Abs. 2 RStV:<\/strong><\/p>\n<p>Pressesprecher: Marcus Bange, Andreas Becker<br \/>\nE-Mail: <a href=\"mailto:presse@feuerwehr-brilon.de\">presse@feuerwehr-brilon.de<\/a><\/p>\n<p><strong>Webmaster:<\/strong><\/p>\n<p>Andreas Becker, Michael Prior, Daniel Vogel<br \/>\nE-Mail: <a href=\"mailto:webmaster@feuerwehr-brilon.de\">webmaster@feuerwehr-brilon.de<\/a><\/p>\n<p><strong>Haftungshinweis:<\/strong><\/p>\n<p><span>Trotz sorgf\u00e4ltiger inhaltlicher Kontrolle \u00fcbernehmen wir keine Haftung f\u00fcr die Inhalte externer Links. F\u00fcr den Inhalt der verlinkten Seiten sind ausschlie\u00dflich deren Betreiber verantwortlich.<\/span><\/p>\n<p><strong>Urheberrecht und Linkhaftung:<\/strong><\/p>\n<p><span>Die Inhalte der Internetseiten der Freiwilligen Feuerwehr Brilon sind urheberrechtlich gesch\u00fctzt. Dies gilt f\u00fcr Wappen, Fotos bzw. Grafiken und Logos sowie f\u00fcr alle Texte und Daten.<\/span><\/p>\n<p><span>Die Informationen des Online-Angebotes werden st\u00e4ndig aktualisiert. Trotz sorgf\u00e4ltiger Bearbeitung k\u00f6nnen sich Daten ver\u00e4ndert haben oder Fehler aufgetreten sein. Hierf\u00fcr bitten wir um Verst\u00e4ndnis. Eine Haftung oder Garantie f\u00fcr die Aktualit\u00e4t oder Richtigkeit der ins Internet-Angebot eingestellten Informationen kann nicht \u00fcbernommen werden. Es wird keine Gew\u00e4hr f\u00fcr die Aktualit\u00e4t, Korrektheit, Vollst\u00e4ndigkeit oder Qualit\u00e4t der bereitgestellten Informationen gegeben. Haftungsanspr\u00fcche gegen die Freiw. Feuerwehr der Stadt Brilon, welche sich auf Sch\u00e4den materieller oder ideeller Art beziehen, die durch die Nutzung oder Nichtnutzung der dargebotenen Informationen bzw. durch die Nutzung fehlerhafter und unvollst\u00e4ndiger Informationen verursacht wurden, sind grunds\u00e4tzlich ausgeschlossen. Die Freiwillige Feuerwehr der Stadt Brilon beh\u00e4lt es sich ausdr\u00fccklich vor, Teile der Seiten oder das gesamte Angebot ohne gesonderte Ank\u00fcndigung zu ver\u00e4ndern, zu erg\u00e4nzen, zu l\u00f6schen oder die Ver\u00f6ffentlichung zeitweise oder endg\u00fcltig einzustellen.<\/span><\/p>\n<p><span>Bitte beachten Sie, dass wir als freiwillige Wehr nicht t\u00e4glich unseren Briefkasten leeren und daher l\u00e4ngere Bearbeitungszeiten m\u00f6glich sind. In dringenden F\u00e4llen k\u00f6nnen Sie sich an die genannten Personen wenden. Probleme oder Anregungen, welche die Webseite oder deren Inhalt betreffen, k\u00f6nnen Sie hier weiterleiten: <a href=\"mailto:webmaster@feuerwehr-brilon.de\">webmaster@feuerwehr-brilon.de<\/a><\/span><\/p>\n<p><span>Wir begr\u00fc\u00dfen und erlauben ausdr\u00fccklich das Setzen von Links auf unsere Internetadresse: <a title=\"Feuerwehr Brilon\" href=\"http:\/\/www.feuerwehr-brilon.de\" target=\"_blank\" rel=\"noopener\">http:\/\/www.feuerwehr-brilon.de<\/a><\/span><\/p>\n<p><strong><span>Juristischer Hinweis zu Links:<\/span><\/strong><\/p>\n<p><span>Dieses Internet-Angebot enth\u00e4lt Links zu externen Angeboten. F\u00fcr Inhalte dieser externen Webseiten ist die Freiwillige Feuerwehr der Stadt Brilon nicht verantwortlich und distanziert sich ausdr\u00fccklich davon. Mit Urteil vom 12. Mai 1998 hat das Landgericht Hamburg entschieden, dass durch die Anbringung von Links die Inhalte der gelinkten Seite ggf. mit zu verantworten sind. Dies kann, so das Landgericht, nur dadurch verhindert werden, dass sich der Betreiber der Seite, auf der die Links angebracht sind, ausdr\u00fccklich von diesen Inhalten distanziert. Auch auf diesen Seiten gibt es zahlreiche Links zu anderen Seiten im Internet. F\u00fcr alle diese Links gilt: wir haben keinerlei Einfluss auf die Gestaltung und die Inhalte der gelinkten Seiten. Deshalb distanzieren wir uns hiermit ausdr\u00fccklich von allen Inhalten aller gelinkten Seiten und machen uns deren Inhalte nicht zu Eigen. Diese Erkl\u00e4rung gilt f\u00fcr alle auf unseren Seiten angezeigten Links und f\u00fcr alle Inhalte der Seiten, zu denen die hier aufgef\u00fchrten Links f\u00fchren.<\/span><\/p>\n<p><strong><span>Datenschutzerkl\u00e4rung f\u00fcr die Nutzung von Facebook-Plugins (Like-Button)<\/span><\/strong><\/p>\n<p>Auf unseren Seiten sind Plugins des sozialen Netzwerks Facebook, 1601 South California Avenue, Palo Alto, CA 94304, USA integriert. Die Facebook-Plugins erkennen Sie an dem Facebook-Logo oder dem &#8222;Like-Button&#8220; (&#8222;Gef\u00e4llt mir\u201c) auf unserer Seite. Eine \u00dcbersicht \u00fcber die Facebook-Plugins finden Sie hier: <a href=\"http:\/\/developers.facebook.com\/docs\/plugins\/\" rel=\"nofollow noopener\" target=\"_blank\">http:\/\/developers.facebook.com\/docs\/plugins\/<\/a> Wenn Sie unsere Seiten besuchen, wird \u00fcber das Plugin eine direkte Verbindung zwischen Ihrem Browser und dem Facebook-Server hergestellt. Facebook erh\u00e4lt dadurch die Information, dass Sie mit Ihrer IP-Adresse unsere Seite besucht haben. Wenn Sie den Facebook \u201eLike-Button\u201c anklicken w\u00e4hrend Sie in Ihrem Facebook-Account eingeloggt sind, k\u00f6nnen Sie die Inhalte unserer Seiten auf Ihrem Facebook-Profil verlinken. Dadurch kann Facebook den Besuch unserer Seiten Ihrem Benutzerkonto zuordnen. Wir weisen darauf hin, dass wir als Anbieter der Seiten keine Kenntnis vom Inhalt der \u00fcbermittelten Daten sowie deren Nutzung durch Facebook erhalten. Weitere Informationen hierzu finden Sie in der Datenschutzerkl\u00e4rung von facebook unter <a href=\"http:\/\/de-de.facebook.com\/policy.php\" rel=\"nofollow noopener\" target=\"_blank\">http:\/\/de-de.facebook.com\/policy.php<\/a><\/p>\n<p>Wenn Sie nicht w\u00fcnschen, dass Facebook den Besuch unserer Seiten Ihrem Facebook-Nutzerkonto zuordnen kann, loggen Sie sich bitte aus Ihrem Facebook-Benutzerkonto aus.<\/p>\n<p><em><strong>Quelle:<\/strong> <a href=\"http:\/\/www.e-recht24.de\/artikel\/datenschutz\/6590-facebook-like-button-datenschutz-disclaimer.html\" target=\"_blank\" rel=\"noopener\">Facebook-Disclaimer von eRecht24.de<\/a><\/em><\/p>\n","protected":false},"excerpt":{"rendered":"<p>Seit Anfang 2002 muss der Betreiber einer gesch\u00e4ftsm\u00e4\u00dfig gef\u00fchrten Homepage eine so genannte Anbieterkennzeichnung vorhalten. Sie muss leicht erkennbar, unmittelbar erreichbar und st\u00e4ndig verf\u00fcgbar diverse Angaben zur Person machen. Mit gesch\u00e4ftsm\u00e4\u00dfig sind dabei nicht alleine gewerbliche oder kommerzielle Angebote gemeint. Die Impressumspflicht ergibt sich aus \u00a7 6 Teledienstegesetz (TDG). Es wird daher das nachfolgende Impressum [&hellip;]<\/p>\n","protected":false},"author":3,"featured_media":0,"parent":32,"menu_order":0,"comment_status":"closed","ping_status":"closed","template":"","meta":{"_exactmetrics_skip_tracking":false,"_exactmetrics_sitenote_active":false,"_exactmetrics_sitenote_note":"","_exactmetrics_sitenote_category":0,"jetpack_post_was_ever_published":false,"footnotes":""},"class_list":["post-34","page","type-page","status-publish","hentry"],"jetpack_shortlink":"https:\/\/wp.me\/PCIJa-y","jetpack_sharing_enabled":true,"jetpack-related-posts":[{"id":32,"url":"https:\/\/www.feuerwehr-brilon.de\/?page_id=32","url_meta":{"origin":34,"position":0},"title":"Kontakt","author":"Daniel Vogel","date":"28. Mai 2008","format":false,"excerpt":"Auf dieser Seite finden Sie die wichtigsten Kontaktinformationen der Freiwilligen Feuerwehr der Stadt Brilon. Freiwillige Feuerwehr der Stadt Brilon Grimmestra\u00dfe 26 59929 Brilon Telefon: 02961\/2224 E-Mail: info@feuerwehr-brilon.de Internet: www.feuerwehr-brilon.de Stadt Brilon Am Markt 1 59929 Brilon Telefon: 02961-794-0 Telefax: 02961-794-108 E-Mail: info@brilon.de Internet: www.brilon.de","rel":"","context":"In &quot;Allgemein&quot;","block_context":{"text":"Allgemein","link":"https:\/\/www.feuerwehr-brilon.de\/?cat=1"},"img":{"alt_text":"","src":"","width":0,"height":0},"classes":[]},{"id":97,"url":"https:\/\/www.feuerwehr-brilon.de\/?page_id=97","url_meta":{"origin":34,"position":1},"title":"Kontakt","author":"Daniel Vogel","date":"18. August 2008","format":false,"excerpt":"Auf dieser Seite finden Sie die wichtigsten Kontaktinformationen des Tambourkorps der Freiwilligen Feuerwehr Brilon. \u00a0 Musikzugf\u00fchrer Freddi Renerich Wei\u00dfstra\u00dfe 1 59929 Brilon Tel.: 02961 - 1083 E-Mail: tambourkorps(at)feuerwehr-brilon.de \u00a0 Tambourmajor Sven Becker Glockengie\u00dferweg 35 59929 Brilon E-Mail: tambourkorps(at)feuerwehr-brilon.de \u00a0","rel":"","context":"In &quot;Allgemein&quot;","block_context":{"text":"Allgemein","link":"https:\/\/www.feuerwehr-brilon.de\/?cat=1"},"img":{"alt_text":"","src":"","width":0,"height":0},"classes":[]},{"id":9271,"url":"https:\/\/www.feuerwehr-brilon.de\/?page_id=9271","url_meta":{"origin":34,"position":2},"title":"Newsletter Anmeldung","author":"Andreas Becker","date":"20. November 2013","format":false,"excerpt":"Vielen Dank f\u00fcr Ihre Anmeldung. Sie erhalten in K\u00fcrze eine E-Mail an die angegebene E-Mail-Adresse mit einem Best\u00e4tigungslink. Klicken Sie bitte auf den Link. Wir stellen so sicher, dass Sie sich pers\u00f6nlich an unseren Newsletter angemeldet haben und kein Missbrauch Ihrer E-Mail-Adresse vorliegt. ...das Presse Team der Feuerwehr Brilon","rel":"","context":"\u00c4hnlicher Beitrag","block_context":{"text":"\u00c4hnlicher Beitrag","link":""},"img":{"alt_text":"","src":"","width":0,"height":0},"classes":[]},{"id":1737,"url":"https:\/\/www.feuerwehr-brilon.de\/?page_id=1737","url_meta":{"origin":34,"position":3},"title":"Jugendfeuerwehrwarte","author":"Marc Heines","date":"29. Januar 2010","format":false,"excerpt":"Stadtjugendfeuerwehrwart Stadtjugendfeuerwehrwart stv. Stadtjugendfeuerwehrwart Holger Knackstedt jugendfeuerwehr(at)feuerwehr-brilon.de jugendfeuerwehr(at)feuerwehr-brilon.de Der Stadtjugendfeuerwehrwart vertritt die Jugendfeuerwehr der Stadt Brilon Er ist der Betreuer der Jugendfeuerwehr innerhalb der Stadt und der Verbindungsmann zum Leiter der Feuerwehr Er ist ferner Kontaktperson zu anderen Stellen auf Stadt-, Kreis- und Landesebene Jugendfeuerwehr Alme Jugendfeuerwehrwart stv. Jugendfeuerwehrwart Hendrik\u2026","rel":"","context":"In &quot;Allgemein&quot;","block_context":{"text":"Allgemein","link":"https:\/\/www.feuerwehr-brilon.de\/?cat=1"},"img":{"alt_text":"","src":"https:\/\/i0.wp.com\/www.feuerwehr-brilon.de\/images\/passbilder\/hkn.JPG?resize=350%2C200","width":350,"height":200},"classes":[]},{"id":82,"url":"https:\/\/www.feuerwehr-brilon.de\/?page_id=82","url_meta":{"origin":34,"position":4},"title":"Tambourkorps","author":"Daniel Vogel","date":"18. August 2008","format":false,"excerpt":"Sie erhalten hier Informationen \u00fcber das Tambourkorps der Freiwilligen Feuerwehr Brilon. Das Tambourkorps besteht zur Zeit aus 57 Musikerinnen und Musikern. \u00a0 Musikzugf\u00fchrer: Freddi Renerich stv. Musikzugf\u00fchrer: Daniel Vogel stv. Musikzugf\u00fchrer: Winfried Wiegelmann \u00bb KONTAKT","rel":"","context":"In &quot;Allgemein&quot;","block_context":{"text":"Allgemein","link":"https:\/\/www.feuerwehr-brilon.de\/?cat=1"},"img":{"alt_text":"","src":"https:\/\/i0.wp.com\/www.feuerwehr-brilon.de\/wp-up\/2024\/11\/TK-6-scaled.jpg?resize=350%2C200&ssl=1","width":350,"height":200},"classes":[]},{"id":1090,"url":"https:\/\/www.feuerwehr-brilon.de\/?page_id=1090","url_meta":{"origin":34,"position":5},"title":"Fahrzeug\u00fcbergabe bei der L\u00f6schgruppe Scharfenberg","author":"Marc Heines","date":"3. Juli 2009","format":false,"excerpt":"Die Stadt Brilon hat f\u00fcr die L\u00f6schgruppe Scharfenberg ein neues Fahrzeug beschafft. Die feierliche \u00dcbergabe findet am 20. M\u00e4rz statt. 16:30 Uhr\u00a0 Empfang der G\u00e4ste an der Sch\u00fctzenhalle 17:00 Uhr Segnungsgottesdienst in der Kirche anschlie\u00dfend Fahrzeugweihe an der Sch\u00fctzenhalle Alle Freunde und F\u00f6rderer der Feuerwehr und der L\u00f6schgruppe Scharfenberg sind\u2026","rel":"","context":"In &quot;Allgemein&quot;","block_context":{"text":"Allgemein","link":"https:\/\/www.feuerwehr-brilon.de\/?cat=1"},"img":{"alt_text":"scharfenberg_fahrzeug","src":"https:\/\/i0.wp.com\/www.feuerwehr-brilon.de\/wp-up\/2009\/07\/scharfenberg_fahrzeug.jpg?resize=350%2C200","width":350,"height":200},"classes":[]}],"_links":{"self":[{"href":"https:\/\/www.feuerwehr-brilon.de\/index.php?rest_route=\/wp\/v2\/pages\/34","targetHints":{"allow":["GET"]}}],"collection":[{"href":"https:\/\/www.feuerwehr-brilon.de\/index.php?rest_route=\/wp\/v2\/pages"}],"about":[{"href":"https:\/\/www.feuerwehr-brilon.de\/index.php?rest_route=\/wp\/v2\/types\/page"}],"author":[{"embeddable":true,"href":"https:\/\/www.feuerwehr-brilon.de\/index.php?rest_route=\/wp\/v2\/users\/3"}],"replies":[{"embeddable":true,"href":"https:\/\/www.feuerwehr-brilon.de\/index.php?rest_route=%2Fwp%2Fv2%2Fcomments&post=34"}],"version-history":[{"count":4,"href":"https:\/\/www.feuerwehr-brilon.de\/index.php?rest_route=\/wp\/v2\/pages\/34\/revisions"}],"predecessor-version":[{"id":32837,"href":"https:\/\/www.feuerwehr-brilon.de\/index.php?rest_route=\/wp\/v2\/pages\/34\/revisions\/32837"}],"up":[{"embeddable":true,"href":"https:\/\/www.feuerwehr-brilon.de\/index.php?rest_route=\/wp\/v2\/pages\/32"}],"wp:attachment":[{"href":"https:\/\/www.feuerwehr-brilon.de\/index.php?rest_route=%2Fwp%2Fv2%2Fmedia&parent=34"}],"curies":[{"name":"wp","href":"https:\/\/api.w.org\/{rel}","templated":true}]}}