{"id":701,"date":"2010-04-13T20:39:09","date_gmt":"2010-04-13T18:39:09","guid":{"rendered":"http:\/\/www.feuerwehr-brilon.de\/?page_id=701"},"modified":"2012-07-04T07:47:30","modified_gmt":"2012-07-04T06:47:30","slug":"ich-mach-mit","status":"publish","type":"page","link":"https:\/\/www.feuerwehr-brilon.de\/?page_id=701","title":{"rendered":"ICH MACH MIT"},"content":{"rendered":"<h1 style=\"text-align: center;\"><img loading=\"lazy\" decoding=\"async\" class=\"aligncenter size-full wp-image-2600\" title=\"ICH MACH MIT\" src=\"http:\/\/www.feuerwehr-brilon.de\/wp-up\/2010\/04\/gruppe_internet.jpg\" alt=\"ICH MACH MIT\" width=\"500\" height=\"667\" srcset=\"https:\/\/www.feuerwehr-brilon.de\/wp-up\/2010\/04\/gruppe_internet.jpg 500w, https:\/\/www.feuerwehr-brilon.de\/wp-up\/2010\/04\/gruppe_internet-93x124.jpg 93w, https:\/\/www.feuerwehr-brilon.de\/wp-up\/2010\/04\/gruppe_internet-374x499.jpg 374w\" sizes=\"auto, (max-width: 500px) 100vw, 500px\" \/><\/h1>\n<h2 style=\"text-align: center;\">&#8222;Ich kann mir kein sch\u00f6neres Hobby vorstellen&#8220;<\/h2>\n<p>Mit dieser Aussage sind sich alle Feuerwehrfrauen und -m\u00e4nner einig.<\/p>\n<p>Gerade die Vielseitigkeit findet sich in keinem anderen Bereich.<\/p>\n<p><em><strong>Interessierst Du dich f\u00fcr:<\/strong><\/em><\/p>\n<p style=\"text-align: center;\">Jugendarbeit \u00a0 \u00a0 \u00a0 \u00a0 \u00a0 \u00a0 \u00a0 \u00a0 \u00a0 \u00a0 \u00a0 \u00a0\u00a0 Klettern \u00a0 \u00a0 \u00a0 \u00a0 \u00a0 \u00a0 \u00a0 \u00a0 \u00a0 \u00a0 Musik<\/p>\n<p style=\"text-align: center;\">Modernste Technik \u00a0 \u00a0 \u00a0 \u00a0 \u00a0 \u00a0 \u00a0 \u00a0 \u00a0\u00a0\u00a0 \u00a0\u00a0 Sport \u00a0 \u00a0 \u00a0 \u00a0 \u00a0 \u00a0 \u00a0 Oldtimer \u00a0 \u00a0 \u00a0 \u00a0 \u00a0 \u00a0\u00a0 Chemie<\/p>\n<p style=\"text-align: center;\">EDV \u00a0 \u00a0 \u00a0 \u00a0 \u00a0\u00a0\u00a0\u00a0 \u00a0 \u00a0 \u00a0\u00a0 Brandbek\u00e4mpfung \u00a0 \u00a0 \u00a0 \u00a0 \u00a0 \u00a0 \u00a0 \u00a0 \u00a0 \u00a0\u00a0 Bedienen von Gro\u00dffahrzeugen<\/p>\n<p style=\"text-align: center;\">und, und, und &#8230;<\/p>\n<p>Dann bist Du in der Feuerwehr genau richtig. F\u00fcr jeden findet sich ein Bereich in dem er sein Interesse und seine Kenntnisse einbringen kann. Und das alles in einer starken Gemeinschaft mit viel Spa\u00df.<\/p>\n<p><em><strong>Hast Du Interesse bekommen? Dann schnupper doch mal rein.<\/strong><\/em><\/p>\n<p>An unseren Dienstabenden kannst Du dir bei theoretischen und praktischen Ausbildungen und Einsatz\u00fcbungen selber ein Bild machen. Die erforderliche Ausr\u00fcstung wird Dir nat\u00fcrlich gestellt. Auch ein Mitgliedsbeitrag wird nicht gefordert.<\/p>\n<p>Wenn Du dann in die Feuerwehr eingetreten bist, erh\u00e4lst Du deine pers\u00f6nliche Schutzausr\u00fcstung und deine Dienstuniform, nat\u00fcrlich kostenlos. Es folgt dann eine interessante Grundausbildung die mit zwei Lehrg\u00e4ngen durchgef\u00fchrt wird. Hier bilden jedes Jahr unsere eigenen Ausbilder um die 30 neue Feuerwehrfrauen und Feuerwehrm\u00e4nner aus.<\/p>\n<p><span style=\"color: #000080;\"><strong>Bereits nach dem ersten Grundlehrgang kannst Du bei realen Eins\u00e4tzen mitfahren.<\/strong><\/span><\/p>\n<p>Je nach Interesse kann man im Anschlu\u00df an die Grundausbildung viele verschiedene Seminare und Lehrg\u00e4nge besuchen.<\/p>\n<p>Zus\u00e4tzlich zu den Eins\u00e4tzen und \u00dcbungen bietet die Feuerwehr noch viel mehr. Wir organisieren Ausflugsfahrten, Wandertage und Kameradschaftsabende. Jede Woche wird ein Sportabend angeboten. Unsere Oldtimergruppe restauriert historische Fahrzeuge und besucht andere Feuerwehren auf deren Jubil\u00e4en.<\/p>\n<p>Kurz gesagt:<\/p>\n<p style=\"text-align: center;\"><span style=\"color: #003366;\"><strong>Vielseitiger geht nicht<\/strong><\/span><\/p>\n<p>Hast Du Interesse bei uns mit zu machen oder brauchst du noch weitere Informationen, dann schreib uns eine kurze mail. Wir melden uns zur\u00fcck.<\/p>\n<p style=\"text-align: center;\">Kontakt:<a href=\"mailto:ich-mach-mit@feuerwehr-brilon.de\">ICH-MACH-MIT(at)feuerwehr-brilon.de<\/a><\/p>\n<p style=\"text-align: center;\"><a title=\"Aufnahmeantrag\" href=\"http:\/\/www.feuerwehr-brilon.de\/images\/TEMP\/aufnahmeantrag.pdf\" target=\"_blank\">Aufnahmeantrag<\/a><\/p>\n","protected":false},"excerpt":{"rendered":"<p>&#8222;Ich kann mir kein sch\u00f6neres Hobby vorstellen&#8220; Mit dieser Aussage sind sich alle Feuerwehrfrauen und -m\u00e4nner einig. Gerade die Vielseitigkeit findet sich in keinem anderen Bereich. Interessierst Du dich f\u00fcr: Jugendarbeit \u00a0 \u00a0 \u00a0 \u00a0 \u00a0 \u00a0 \u00a0 \u00a0 \u00a0 \u00a0 \u00a0 \u00a0\u00a0 Klettern \u00a0 \u00a0 \u00a0 \u00a0 \u00a0 \u00a0 \u00a0 \u00a0 \u00a0 \u00a0 Musik [&hellip;]<\/p>\n","protected":false},"author":6,"featured_media":0,"parent":700,"menu_order":3,"comment_status":"closed","ping_status":"closed","template":"","meta":{"_exactmetrics_skip_tracking":false,"_exactmetrics_sitenote_active":false,"_exactmetrics_sitenote_note":"","_exactmetrics_sitenote_category":0,"jetpack_post_was_ever_published":false,"footnotes":""},"class_list":["post-701","page","type-page","status-publish","hentry"],"jetpack_shortlink":"https:\/\/wp.me\/PCIJa-bj","jetpack_sharing_enabled":true,"jetpack-related-posts":[{"id":10735,"url":"https:\/\/www.feuerwehr-brilon.de\/?page_id=10735","url_meta":{"origin":701,"position":0},"title":"Bekanntmachungen am Dienstabend","author":"Andreas Becker","date":"22. Juli 2014","format":false,"excerpt":"Bekanntmachungen vom 15.12.2017: - Neue Gesichter in unseren Reihen \u00a0\u00a0\u00a0\u00a0 > Phillip Strohmenger ist von Hoppecke nach Brilon gezogen und geh\u00f6rt zur Schleife 205 \u00a0\u00a0\u00a0\u00a0 > Ab Anfang Februar wird Gokulnath Subramanian bei uns reinschnuppern - Beteiligung gesamt darstellen \u00a0\u00a0\u00a0\u00a0 Beteiligung \/ \u00dcbungsabend darstellen und aush\u00e4ngen - Fahrzeugpflege f\u00fcr 2018\u2026","rel":"","context":"\u00c4hnlicher Beitrag","block_context":{"text":"\u00c4hnlicher Beitrag","link":""},"img":{"alt_text":"","src":"","width":0,"height":0},"classes":[]},{"id":1252,"url":"https:\/\/www.feuerwehr-brilon.de\/?page_id=1252","url_meta":{"origin":701,"position":1},"title":"Einsatzabteilung","author":"Andreas Becker","date":"28. August 2009","format":false,"excerpt":"Hier sind alle aktiven Brandsch\u00fctzer organisiert. L\u00f6schzugf\u00fchrungGeleitet wird der L\u00f6schzug vom L\u00f6schzugf\u00fchrer und seinen Stellvertretern L\u00f6schzugf\u00fchrer BOI Marc Heines m.heines(at)feuerwehr-brilon.de stv. L\u00f6schzugf\u00fchrer stv. L\u00f6schzugf\u00fchrer BOI Thomas B\u00f6ddicker BOI Michael Klaholz brilon(at)feuerwehr-brilon.de brilon(at)feuerwehr-brilon.de X Die Mannschaft gliedert sich in drei Z\u00fcge und f\u00fcnf Schleifen. Die einzelnen Schleifen k\u00f6nnen \u00fcber Meldeempf\u00e4nger getrennt\u2026","rel":"","context":"In &quot;Allgemein&quot;","block_context":{"text":"Allgemein","link":"https:\/\/www.feuerwehr-brilon.de\/?cat=1"},"img":{"alt_text":"","src":"https:\/\/i0.wp.com\/www.feuerwehr-brilon.de\/images\/passbilder\/mhe.jpg?resize=350%2C200","width":350,"height":200},"classes":[]},{"id":15,"url":"https:\/\/www.feuerwehr-brilon.de\/?page_id=15","url_meta":{"origin":701,"position":2},"title":"Alarmierung","author":"Andreas Becker","date":"28. Mai 2008","format":false,"excerpt":"F\u00fcr die Alarmierung der Freiwilligen Feuerwehr Brilon ist die Kreisleitstelle in Meschede zust\u00e4ndig. Die Leitstelle befindet sich im Zentrum f\u00fcr Feuerschutz und Rettungswesen. Hier l\u00e4uft im Rahmen der \"nicht-polizeilichen Gefahrenabwehr\" der Notruf 112 aus den 12 St\u00e4dten und Gemeinden des Hochsauerlandkreises auf. \u00a0 \u00a0 Sowohl die Funkkommunikation als auch die\u2026","rel":"","context":"In &quot;Allgemein&quot;","block_context":{"text":"Allgemein","link":"https:\/\/www.feuerwehr-brilon.de\/?cat=1"},"img":{"alt_text":"Pressestelle Hochsauerlandkreis","src":"https:\/\/i0.wp.com\/www.feuerwehr-brilon.de\/wp-up\/2018\/12\/Disponent-ZFR-Leitstelle-1-150x100.jpg?resize=350%2C200&ssl=1","width":350,"height":200},"classes":[]},{"id":56,"url":"https:\/\/www.feuerwehr-brilon.de\/?page_id=56","url_meta":{"origin":701,"position":3},"title":"Notfall Fax","author":"Daniel Vogel","date":"31. Mai 2008","format":false,"excerpt":"Das Notfall Fax f\u00fcr behinderte und geh\u00f6rlose Menschen, sowie Menschen die nicht sprechen k\u00f6nnen. \u00bb Download (*.pdf) \u00bb Download (*.gif) Notfallfaxnummer der Rettungsleitstelle Meschede (nur f\u00fcr den Bereich des Hochsauerlandkreises): Telefax: 0291- 99 94 24 Ben\u00f6tigen Sie aus einem anderen Stadt-\/Kreisgebiet Hilfe, wenden Sie sich bitte an die dortige Rettungsleitstelle.","rel":"","context":"In &quot;Allgemein&quot;","block_context":{"text":"Allgemein","link":"https:\/\/www.feuerwehr-brilon.de\/?cat=1"},"img":{"alt_text":"","src":"","width":0,"height":0},"classes":[]},{"id":34,"url":"https:\/\/www.feuerwehr-brilon.de\/?page_id=34","url_meta":{"origin":701,"position":4},"title":"Impressum","author":"Daniel Vogel","date":"28. Mai 2008","format":false,"excerpt":"Seit Anfang 2002 muss der Betreiber einer gesch\u00e4ftsm\u00e4\u00dfig gef\u00fchrten Homepage eine so genannte Anbieterkennzeichnung vorhalten. Sie muss leicht erkennbar, unmittelbar erreichbar und st\u00e4ndig verf\u00fcgbar diverse Angaben zur Person machen. Mit gesch\u00e4ftsm\u00e4\u00dfig sind dabei nicht alleine gewerbliche oder kommerzielle Angebote gemeint. Die Impressumspflicht ergibt sich aus \u00a7 6 Teledienstegesetz (TDG). Es\u2026","rel":"","context":"In &quot;Allgemein&quot;","block_context":{"text":"Allgemein","link":"https:\/\/www.feuerwehr-brilon.de\/?cat=1"},"img":{"alt_text":"","src":"","width":0,"height":0},"classes":[]},{"id":40,"url":"https:\/\/www.feuerwehr-brilon.de\/?page_id=40","url_meta":{"origin":701,"position":5},"title":"Rauchmelder","author":"Andreas Becker","date":"13. Juni 2014","format":false,"excerpt":"Freitag, der 13. ist bundesweiter Rauchmeldertag In der Bundesrepublik Deutschland sterben pro Jahr mehr als sechshundert Menschen durch Feuer und vor allem auch Rauch. \u00dcber 5.000 Menschen werden bei Br\u00e4nden verletzt, die Sachsch\u00e4den betragen Millionen. Besonders gef\u00e4hrlich ist der bei Wohnungsbr\u00e4nden entstehende Rauch, weil er sich um ein Vielfaches schneller\u2026","rel":"","context":"In &quot;Allgemein&quot;","block_context":{"text":"Allgemein","link":"https:\/\/www.feuerwehr-brilon.de\/?cat=1"},"img":{"alt_text":"","src":"https:\/\/i0.wp.com\/www.feuerwehr-brilon.de\/images\/adviser\/rauchmelder\/rrl_01_klein.jpg?resize=350%2C200","width":350,"height":200},"classes":[]}],"_links":{"self":[{"href":"https:\/\/www.feuerwehr-brilon.de\/index.php?rest_route=\/wp\/v2\/pages\/701","targetHints":{"allow":["GET"]}}],"collection":[{"href":"https:\/\/www.feuerwehr-brilon.de\/index.php?rest_route=\/wp\/v2\/pages"}],"about":[{"href":"https:\/\/www.feuerwehr-brilon.de\/index.php?rest_route=\/wp\/v2\/types\/page"}],"author":[{"embeddable":true,"href":"https:\/\/www.feuerwehr-brilon.de\/index.php?rest_route=\/wp\/v2\/users\/6"}],"replies":[{"embeddable":true,"href":"https:\/\/www.feuerwehr-brilon.de\/index.php?rest_route=%2Fwp%2Fv2%2Fcomments&post=701"}],"version-history":[{"count":3,"href":"https:\/\/www.feuerwehr-brilon.de\/index.php?rest_route=\/wp\/v2\/pages\/701\/revisions"}],"predecessor-version":[{"id":7038,"href":"https:\/\/www.feuerwehr-brilon.de\/index.php?rest_route=\/wp\/v2\/pages\/701\/revisions\/7038"}],"up":[{"embeddable":true,"href":"https:\/\/www.feuerwehr-brilon.de\/index.php?rest_route=\/wp\/v2\/pages\/700"}],"wp:attachment":[{"href":"https:\/\/www.feuerwehr-brilon.de\/index.php?rest_route=%2Fwp%2Fv2%2Fmedia&parent=701"}],"curies":[{"name":"wp","href":"https:\/\/api.w.org\/{rel}","templated":true}]}}