{"id":97,"date":"2008-08-18T22:04:35","date_gmt":"2008-08-18T20:04:35","guid":{"rendered":"http:\/\/www.feuerwehr-brilon.de\/?page_id=97"},"modified":"2025-01-24T13:44:25","modified_gmt":"2025-01-24T12:44:25","slug":"kontakt-2","status":"publish","type":"page","link":"https:\/\/www.feuerwehr-brilon.de\/?page_id=97","title":{"rendered":"Kontakt"},"content":{"rendered":"<p><span style=\"color: #000000;\">Auf dieser Seite finden Sie die wichtigsten Kontaktinformationen des Tambourkorps der Freiwilligen Feuerwehr Brilon.<\/span><\/p>\n<p>&nbsp;<\/p>\n<p><strong><span style=\"color: #000000;\">Musikzugf\u00fchrer<\/span><\/strong><\/p>\n<hr \/>\n<p><span style=\"color: #000000;\">Freddi Renerich<br \/>\nWei\u00dfstra\u00dfe 1<br \/>\n59929 Brilon<br \/>\nTel.: 02961 &#8211; 1083<br \/>\nE-Mail: <a href=\"mailto:tambourkorps@feuerwehr-brilon.de\">tambourkorps(at)feuerwehr-brilon.de<\/a><\/span><\/p>\n<p>&nbsp;<\/p>\n<p><strong><span style=\"color: #000000;\">Tambourmajor<\/span><\/strong><\/p>\n<hr \/>\n<p><span style=\"color: #000000;\">Sven Becker<br \/>\nGlockengie\u00dferweg 35<br \/>\n59929 Brilon<br \/>\nE-Mail: <a href=\"mailto:tambourkorps@feuerwehr-brilon.de\">tambourkorps(at)feuerwehr-brilon.de<\/a><\/span><\/p>\n<p>&nbsp;<\/p>\n","protected":false},"excerpt":{"rendered":"<p>Auf dieser Seite finden Sie die wichtigsten Kontaktinformationen des Tambourkorps der Freiwilligen Feuerwehr Brilon. &nbsp; Musikzugf\u00fchrer Freddi Renerich Wei\u00dfstra\u00dfe 1 59929 Brilon Tel.: 02961 &#8211; 1083 E-Mail: tambourkorps(at)feuerwehr-brilon.de &nbsp; Tambourmajor Sven Becker Glockengie\u00dferweg 35 59929 Brilon E-Mail: tambourkorps(at)feuerwehr-brilon.de &nbsp;<\/p>\n","protected":false},"author":3,"featured_media":0,"parent":82,"menu_order":97,"comment_status":"closed","ping_status":"closed","template":"","meta":{"_exactmetrics_skip_tracking":false,"_exactmetrics_sitenote_active":false,"_exactmetrics_sitenote_note":"","_exactmetrics_sitenote_category":0,"jetpack_post_was_ever_published":false,"footnotes":""},"class_list":["post-97","page","type-page","status-publish","hentry"],"jetpack_shortlink":"https:\/\/wp.me\/PCIJa-1z","jetpack_sharing_enabled":true,"jetpack-related-posts":[{"id":82,"url":"https:\/\/www.feuerwehr-brilon.de\/?page_id=82","url_meta":{"origin":97,"position":0},"title":"Tambourkorps","author":"Daniel Vogel","date":"18. August 2008","format":false,"excerpt":"Sie erhalten hier Informationen \u00fcber das Tambourkorps der Freiwilligen Feuerwehr Brilon. Das Tambourkorps besteht zur Zeit aus 57 Musikerinnen und Musikern. \u00a0 Musikzugf\u00fchrer: Freddi Renerich stv. Musikzugf\u00fchrer: Daniel Vogel stv. Musikzugf\u00fchrer: Winfried Wiegelmann \u00bb KONTAKT","rel":"","context":"In &quot;Allgemein&quot;","block_context":{"text":"Allgemein","link":"https:\/\/www.feuerwehr-brilon.de\/?cat=1"},"img":{"alt_text":"","src":"https:\/\/i0.wp.com\/www.feuerwehr-brilon.de\/wp-up\/2024\/11\/TK-6-scaled.jpg?resize=350%2C200&ssl=1","width":350,"height":200},"classes":[]},{"id":32,"url":"https:\/\/www.feuerwehr-brilon.de\/?page_id=32","url_meta":{"origin":97,"position":1},"title":"Kontakt","author":"Daniel Vogel","date":"28. Mai 2008","format":false,"excerpt":"Auf dieser Seite finden Sie die wichtigsten Kontaktinformationen der Freiwilligen Feuerwehr der Stadt Brilon. Freiwillige Feuerwehr der Stadt Brilon Grimmestra\u00dfe 26 59929 Brilon Telefon: 02961\/2224 E-Mail: info@feuerwehr-brilon.de Internet: www.feuerwehr-brilon.de Stadt Brilon Am Markt 1 59929 Brilon Telefon: 02961-794-0 Telefax: 02961-794-108 E-Mail: info@brilon.de Internet: www.brilon.de","rel":"","context":"In &quot;Allgemein&quot;","block_context":{"text":"Allgemein","link":"https:\/\/www.feuerwehr-brilon.de\/?cat=1"},"img":{"alt_text":"","src":"","width":0,"height":0},"classes":[]},{"id":4163,"url":"https:\/\/www.feuerwehr-brilon.de\/?page_id=4163","url_meta":{"origin":97,"position":2},"title":"Sch\u00fctzenfest 2005 in Brilon II","author":"Andreas Becker","date":"17. Januar 2011","format":false,"excerpt":"Konzert in der Sch\u00fctzenhalle am Montag","rel":"","context":"\u00c4hnlicher Beitrag","block_context":{"text":"\u00c4hnlicher Beitrag","link":""},"img":{"alt_text":"","src":"https:\/\/i0.wp.com\/www.feuerwehr-brilon.de\/wp-up\/2011\/01\/Schue05Mo_1.jpg?resize=350%2C200","width":350,"height":200},"classes":[]},{"id":4147,"url":"https:\/\/www.feuerwehr-brilon.de\/?page_id=4147","url_meta":{"origin":97,"position":3},"title":"Sch\u00fctzenfest 2005 in Brilon","author":"Andreas Becker","date":"17. Januar 2011","format":false,"excerpt":"Erster Auftritt des historischen Tambourkorps im gro\u00dfen Festumzug bei der K\u00f6nigsparade auf dem Marktplatz Aufmarsch auf dem Marktplatz Konzert am Montagnachmittag nach dem Vogelschiessen in der Briloner Sch\u00fctzenhalle Weitere Bilder","rel":"","context":"\u00c4hnlicher Beitrag","block_context":{"text":"\u00c4hnlicher Beitrag","link":""},"img":{"alt_text":"","src":"https:\/\/i0.wp.com\/www.feuerwehr-brilon.de\/wp-up\/2011\/01\/Schue05So_1-500x340.jpg?resize=350%2C200","width":350,"height":200},"classes":[]},{"id":1990,"url":"https:\/\/www.feuerwehr-brilon.de\/?page_id=1990","url_meta":{"origin":97,"position":4},"title":"Jubil\u00e4um 90 Jahre Tambourkorps","author":"Daniel Vogel","date":"9. Januar 2010","format":false,"excerpt":"[nggallery id=29]","rel":"","context":"In &quot;Allgemein&quot;","block_context":{"text":"Allgemein","link":"https:\/\/www.feuerwehr-brilon.de\/?cat=1"},"img":{"alt_text":"","src":"","width":0,"height":0},"classes":[]},{"id":636,"url":"https:\/\/www.feuerwehr-brilon.de\/?page_id=636","url_meta":{"origin":97,"position":5},"title":"Sch\u00fctzenfest 2008 in Brilon","author":"Daniel Vogel","date":"4. Januar 2009","format":false,"excerpt":"","rel":"","context":"In &quot;Allgemein&quot;","block_context":{"text":"Allgemein","link":"https:\/\/www.feuerwehr-brilon.de\/?cat=1"},"img":{"alt_text":"","src":"https:\/\/i0.wp.com\/www.feuerwehr-brilon.de\/wp-up\/2009\/01\/img_2014.jpg?resize=350%2C200&ssl=1","width":350,"height":200},"classes":[]}],"_links":{"self":[{"href":"https:\/\/www.feuerwehr-brilon.de\/index.php?rest_route=\/wp\/v2\/pages\/97","targetHints":{"allow":["GET"]}}],"collection":[{"href":"https:\/\/www.feuerwehr-brilon.de\/index.php?rest_route=\/wp\/v2\/pages"}],"about":[{"href":"https:\/\/www.feuerwehr-brilon.de\/index.php?rest_route=\/wp\/v2\/types\/page"}],"author":[{"embeddable":true,"href":"https:\/\/www.feuerwehr-brilon.de\/index.php?rest_route=\/wp\/v2\/users\/3"}],"replies":[{"embeddable":true,"href":"https:\/\/www.feuerwehr-brilon.de\/index.php?rest_route=%2Fwp%2Fv2%2Fcomments&post=97"}],"version-history":[{"count":3,"href":"https:\/\/www.feuerwehr-brilon.de\/index.php?rest_route=\/wp\/v2\/pages\/97\/revisions"}],"predecessor-version":[{"id":33161,"href":"https:\/\/www.feuerwehr-brilon.de\/index.php?rest_route=\/wp\/v2\/pages\/97\/revisions\/33161"}],"up":[{"embeddable":true,"href":"https:\/\/www.feuerwehr-brilon.de\/index.php?rest_route=\/wp\/v2\/pages\/82"}],"wp:attachment":[{"href":"https:\/\/www.feuerwehr-brilon.de\/index.php?rest_route=%2Fwp%2Fv2%2Fmedia&parent=97"}],"curies":[{"name":"wp","href":"https:\/\/api.w.org\/{rel}","templated":true}]}}