{"id":99,"date":"2008-08-18T22:04:54","date_gmt":"2008-08-18T20:04:54","guid":{"rendered":"http:\/\/www.feuerwehr-brilon.de\/?page_id=99"},"modified":"2025-01-24T13:15:55","modified_gmt":"2025-01-24T12:15:55","slug":"vorstand","status":"publish","type":"page","link":"https:\/\/www.feuerwehr-brilon.de\/?page_id=99","title":{"rendered":"Vorstand"},"content":{"rendered":"<p><span style=\"color: #000000;\"><strong>Der Vorstand mit den Funktionstr\u00e4gern<\/strong><\/span><\/p>\n<div style=\"text-align: left;\"><strong>\u00a0<\/strong><\/div>\n<div style=\"text-align: justify;\">\n<table id=\"AutoNumber1\" style=\"width: 597px; border-collapse: collapse; height: 209px;\" border=\"0\" width=\"597\" cellspacing=\"0\" cellpadding=\"0\">\n<tbody>\n<tr>\n<td style=\"text-align: left;\" width=\"129\"><strong><span style=\"color: #000000;\">Musikzugf\u00fchrer<\/span><\/strong><\/td>\n<td style=\"text-align: left;\" width=\"102\"><strong><span style=\"color: #000000;\">\u00a0<\/span><\/strong><\/td>\n<td style=\"text-align: left;\" width=\"143\"><strong><span style=\"color: #000000;\">Freddi Renerich<\/span><\/strong><\/td>\n<\/tr>\n<tr>\n<td width=\"129\"><em><span style=\"color: #000000;\">stv. Musikzugf\u00fchrer<\/span><\/em><\/td>\n<td width=\"102\"><em><span style=\"color: #000000;\">\u00a0<\/span><\/em><\/td>\n<td width=\"143\"><em><span style=\"color: #000000;\">Daniel Vogel<\/span><\/em><\/td>\n<\/tr>\n<tr>\n<td width=\"129\"><em><span style=\"color: #000000;\">stv. Musikzugf\u00fchrer<\/span><\/em><\/td>\n<td width=\"102\"><em><span style=\"color: #000000;\">\u00a0<\/span><\/em><\/td>\n<td width=\"143\"><em><span style=\"color: #000000;\">Winfried Wiegelmann<\/span><\/em><\/td>\n<\/tr>\n<tr>\n<td width=\"129\"><\/td>\n<td width=\"102\"><em><span style=\"color: #000000;\">\u00a0<\/span><\/em><\/td>\n<td width=\"143\"><\/td>\n<\/tr>\n<tr>\n<td width=\"129\"><strong><span style=\"color: #000000;\">Tambourmajor<\/span><\/strong><\/td>\n<td width=\"102\"><strong><span style=\"color: #000000;\">\u00a0<\/span><\/strong><\/td>\n<td width=\"143\"><strong><span style=\"color: #000000;\">Sven Becker<\/span><\/strong><\/td>\n<\/tr>\n<tr>\n<td width=\"129\"><em><span style=\"color: #000000;\">stv. Tambourmajor<\/span><\/em><\/td>\n<td width=\"102\"><em><span style=\"color: #000000;\">\u00a0<\/span><\/em><\/td>\n<td width=\"143\"><em><span style=\"color: #000000;\">Frederik Bohne<\/span><\/em><\/td>\n<\/tr>\n<tr>\n<td width=\"129\"><\/td>\n<td width=\"102\"><em><span style=\"color: #000000;\">\u00a0<\/span><\/em><\/td>\n<td width=\"143\"><\/td>\n<\/tr>\n<tr>\n<td width=\"129\"><strong><span style=\"color: #000000;\">Musikalischer Leiter<\/span><\/strong><\/td>\n<td width=\"102\"><strong><span style=\"color: #000000;\">\u00a0<\/span><\/strong><\/td>\n<td width=\"143\"><strong>Benedikt Wiese<\/strong><\/td>\n<\/tr>\n<tr>\n<td width=\"129\"><em><span style=\"color: #000000;\">stv. Musikalische Leiterin<\/span><\/em><\/td>\n<td width=\"102\"><em><span style=\"color: #000000;\">\u00a0<\/span><\/em><\/td>\n<td width=\"143\"><em><span style=\"color: #000000;\">Eileen Becker<\/span><\/em><\/td>\n<\/tr>\n<tr>\n<td width=\"129\"><\/td>\n<td width=\"102\"><em><span style=\"color: #000000;\">\u00a0<\/span><\/em><\/td>\n<td width=\"143\"><\/td>\n<\/tr>\n<tr>\n<td width=\"129\"><strong>Kassenwartin<\/strong><\/td>\n<td width=\"102\"><\/td>\n<td width=\"143\"><strong>Meike B\u00f6ddicker<\/strong><\/td>\n<\/tr>\n<tr>\n<td width=\"129\"><em>stv. Kassenwartin<\/em><\/td>\n<td width=\"102\"><\/td>\n<td width=\"143\"><em>Petra Niggemeyer<\/em><\/td>\n<\/tr>\n<tr>\n<td width=\"129\"><\/td>\n<td width=\"102\"><em><span style=\"color: #000000;\">\u00a0<\/span><\/em><\/td>\n<td width=\"143\"><\/td>\n<\/tr>\n<tr>\n<td width=\"129\"><strong>Jugendwartin<\/strong><\/td>\n<td width=\"102\"><\/td>\n<td width=\"143\"><strong>Sabina Pape<\/strong><\/td>\n<\/tr>\n<tr>\n<td width=\"129\"><em>stv. Jugendwartin<\/em><\/td>\n<td width=\"102\"><\/td>\n<td width=\"143\"><em>Doris Tilly<\/em><\/td>\n<\/tr>\n<tr>\n<td width=\"129\"><\/td>\n<td width=\"102\"><em><span style=\"color: #000000;\">\u00a0<\/span><\/em><\/td>\n<td width=\"143\"><\/td>\n<\/tr>\n<tr>\n<td width=\"129\"><strong>Noten-\/Instrumentenwart<\/strong><\/td>\n<td width=\"102\"><\/td>\n<td width=\"143\"><strong>Frederik Bohne<\/strong><\/td>\n<\/tr>\n<tr>\n<td width=\"129\"><em>stv. Noten-\/Instrumentenwart<\/em><\/td>\n<td width=\"102\"><\/td>\n<td width=\"143\"><em>Jonas Wiegelmann<\/em><\/td>\n<\/tr>\n<tr>\n<td width=\"129\"><\/td>\n<td width=\"102\"><em><span style=\"color: #000000;\">\u00a0<\/span><\/em><\/td>\n<td width=\"143\"><\/td>\n<\/tr>\n<tr>\n<td width=\"129\"><strong>Register-\/Stimmf\u00fchrer\/in<\/strong><\/td>\n<td width=\"102\"><strong>1. Stimme<\/strong><\/td>\n<td width=\"143\"><strong>Lena Frigger<\/strong><\/td>\n<\/tr>\n<tr>\n<td width=\"129\"><\/td>\n<td width=\"102\"><\/td>\n<td width=\"143\"><em>Alexa Otto<\/em><\/td>\n<\/tr>\n<tr>\n<td width=\"129\"><\/td>\n<td width=\"102\"><strong>2. Stimme<\/strong><\/td>\n<td width=\"143\"><strong>Annalena Dohle<\/strong><\/td>\n<\/tr>\n<tr>\n<td width=\"129\"><\/td>\n<td width=\"102\"><\/td>\n<td width=\"143\"><em>Doris Tilly<\/em><\/td>\n<\/tr>\n<tr>\n<td width=\"129\"><\/td>\n<td width=\"102\"><strong><span style=\"color: #000000;\">Nebenstimmen<\/span><\/strong><\/td>\n<td width=\"143\"><strong>Klara Elias<\/strong><\/td>\n<\/tr>\n<tr>\n<td width=\"129\"><span style=\"color: #000000;\">\u00a0<\/span><\/td>\n<td width=\"102\"><span style=\"color: #000000;\">\u00a0<\/span><\/td>\n<td width=\"143\"><span style=\"color: #000000;\"><em>Sabina Pape<\/em><strong><br \/>\n<\/strong><\/span><\/td>\n<\/tr>\n<tr>\n<td width=\"129\"><span style=\"color: #000000;\">\u00a0<\/span><\/td>\n<td width=\"102\"><span style=\"color: #000000;\"><strong>Trommeln<\/strong><\/span><\/td>\n<td width=\"143\"><span style=\"color: #000000;\"><strong>Jonas Wiegelmann<\/strong><\/span><\/td>\n<\/tr>\n<tr>\n<td width=\"129\"><span style=\"color: #000000;\">\u00a0<\/span><\/td>\n<td width=\"102\"><span style=\"color: #000000;\">\u00a0<\/span><\/td>\n<td width=\"143\"><span style=\"color: #000000;\"><em>Dominik Becker<\/em><\/span><\/td>\n<\/tr>\n<tr>\n<td width=\"129\"><\/td>\n<td width=\"102\"><em><span style=\"color: #000000;\">\u00a0<\/span><\/em><\/td>\n<td width=\"143\"><\/td>\n<\/tr>\n<tr>\n<td width=\"129\"><span style=\"color: #000000;\">\u00a0<strong>Beisitzer<\/strong><\/span><\/td>\n<td width=\"102\"><\/td>\n<td width=\"143\"><strong><span style=\"color: #000000;\">Vanessa Wegener<\/span><\/strong><\/td>\n<\/tr>\n<tr>\n<td width=\"129\"><strong><span style=\"color: #000000;\">\u00a0<\/span><\/strong><\/td>\n<td width=\"102\"><strong><span style=\"color: #000000;\">\u00a0<\/span><\/strong><\/td>\n<td width=\"143\"><strong><span style=\"color: #000000;\">Paulin Sack<\/span><\/strong><\/td>\n<\/tr>\n<tr>\n<td width=\"129\"><\/td>\n<td width=\"102\"><em><span style=\"color: #000000;\">\u00a0<\/span><\/em><\/td>\n<td width=\"143\"><\/td>\n<\/tr>\n<tr>\n<td width=\"129\"><span style=\"color: #000000;\">\u00a0<strong>Vertrauensperson<\/strong><\/span><\/td>\n<td width=\"102\"><\/td>\n<td width=\"143\"><strong><span style=\"color: #000000;\">Doris Tilly<\/span><\/strong><\/td>\n<\/tr>\n<\/tbody>\n<\/table>\n<p>&nbsp;<\/p>\n<\/div>\n","protected":false},"excerpt":{"rendered":"<p>Der Vorstand mit den Funktionstr\u00e4gern \u00a0 Musikzugf\u00fchrer \u00a0 Freddi Renerich stv. Musikzugf\u00fchrer \u00a0 Daniel Vogel stv. Musikzugf\u00fchrer \u00a0 Winfried Wiegelmann \u00a0 Tambourmajor \u00a0 Sven Becker stv. Tambourmajor \u00a0 Frederik Bohne \u00a0 Musikalischer Leiter \u00a0 Benedikt Wiese stv. Musikalische Leiterin \u00a0 Eileen Becker \u00a0 Kassenwartin Meike B\u00f6ddicker stv. Kassenwartin Petra Niggemeyer \u00a0 Jugendwartin Sabina Pape stv. [&hellip;]<\/p>\n","protected":false},"author":3,"featured_media":0,"parent":82,"menu_order":3,"comment_status":"closed","ping_status":"closed","template":"","meta":{"_exactmetrics_skip_tracking":false,"_exactmetrics_sitenote_active":false,"_exactmetrics_sitenote_note":"","_exactmetrics_sitenote_category":0,"jetpack_post_was_ever_published":false,"footnotes":""},"class_list":["post-99","page","type-page","status-publish","hentry"],"jetpack_shortlink":"https:\/\/wp.me\/PCIJa-1B","jetpack_sharing_enabled":true,"jetpack-related-posts":[{"id":82,"url":"https:\/\/www.feuerwehr-brilon.de\/?page_id=82","url_meta":{"origin":99,"position":0},"title":"Tambourkorps","author":"Daniel Vogel","date":"18. August 2008","format":false,"excerpt":"Sie erhalten hier Informationen \u00fcber das Tambourkorps der Freiwilligen Feuerwehr Brilon. Das Tambourkorps besteht zur Zeit aus 57 Musikerinnen und Musikern. \u00a0 Musikzugf\u00fchrer: Freddi Renerich stv. Musikzugf\u00fchrer: Daniel Vogel stv. Musikzugf\u00fchrer: Winfried Wiegelmann \u00bb KONTAKT","rel":"","context":"In &quot;Allgemein&quot;","block_context":{"text":"Allgemein","link":"https:\/\/www.feuerwehr-brilon.de\/?cat=1"},"img":{"alt_text":"","src":"https:\/\/i0.wp.com\/www.feuerwehr-brilon.de\/wp-up\/2024\/11\/TK-6-scaled.jpg?resize=350%2C200&ssl=1","width":350,"height":200},"classes":[]},{"id":1299,"url":"https:\/\/www.feuerwehr-brilon.de\/?page_id=1299","url_meta":{"origin":99,"position":1},"title":"L\u00f6schzug Brilon e. V.","author":"Marc Heines","date":"28. August 2009","format":false,"excerpt":"Der L\u00f6schzug Brilon e.V. wurde gegr\u00fcndet zur Pflege des Feuerwehrwesens und zur F\u00f6rderung der Kameradschaft und der Jugendpflege. Mitglied werden k\u00f6nnen alle Angeh\u00f6rigen des L\u00f6schzug Brilon, des Tambourkorps, der Jugendfeuerwehr und der Ehrenabteilung. Man kann aber auch als F\u00f6rderndes Mitglied aufgenommen werden. Die Organe des Vereins sind die Mitgliederversammlung und\u2026","rel":"","context":"In &quot;Allgemein&quot;","block_context":{"text":"Allgemein","link":"https:\/\/www.feuerwehr-brilon.de\/?cat=1"},"img":{"alt_text":"","src":"","width":0,"height":0},"classes":[]},{"id":97,"url":"https:\/\/www.feuerwehr-brilon.de\/?page_id=97","url_meta":{"origin":99,"position":2},"title":"Kontakt","author":"Daniel Vogel","date":"18. August 2008","format":false,"excerpt":"Auf dieser Seite finden Sie die wichtigsten Kontaktinformationen des Tambourkorps der Freiwilligen Feuerwehr Brilon. \u00a0 Musikzugf\u00fchrer Freddi Renerich Wei\u00dfstra\u00dfe 1 59929 Brilon Tel.: 02961 - 1083 E-Mail: tambourkorps(at)feuerwehr-brilon.de \u00a0 Tambourmajor Sven Becker Glockengie\u00dferweg 35 59929 Brilon E-Mail: tambourkorps(at)feuerwehr-brilon.de \u00a0","rel":"","context":"In &quot;Allgemein&quot;","block_context":{"text":"Allgemein","link":"https:\/\/www.feuerwehr-brilon.de\/?cat=1"},"img":{"alt_text":"","src":"","width":0,"height":0},"classes":[]},{"id":687,"url":"https:\/\/www.feuerwehr-brilon.de\/?page_id=687","url_meta":{"origin":99,"position":3},"title":"L\u00f6schzug- und L\u00f6schgruppenf\u00fchrer","author":"Marc Heines","date":"29. Januar 2009","format":false,"excerpt":"L\u00f6schzug Brilon L\u00f6schzugf\u00fchrer stv. L\u00f6schzugf\u00fchrer Marc Heines Thomas B\u00f6ddicker brilon(at)feuerwehr-brilon.de L\u00f6schgruppe Alme L\u00f6schgruppenf\u00fchrer stv. L\u00f6schgruppenf\u00fchrer Patrick Sewtz Ansgar Rettler alme(at)feuerwehr-brilon.de L\u00f6schgruppe Altenb\u00fcren L\u00f6schgruppenf\u00fchrer stv. L\u00f6schgruppenf\u00fchrer Manuel H\u00fcmmecke Michael Vo\u00df altenbueren(at)feuerwehr-brilon.de L\u00f6schgruppe Bontkirchen L\u00f6schgruppenf\u00fchrer stv. L\u00f6schgruppenf\u00fchrer Thorsten Schwermer Peter Hennecke bontkirchen(at)feuerwehr-brilon.de L\u00f6schgruppe Hoppecke L\u00f6schgruppenf\u00fchrer stv. L\u00f6schgruppenf\u00fchrer Nicolas Sch\u00f6rmann Till Kemmerling hoppecke(at)feuerwehr-brilon.de\u2026","rel":"","context":"In &quot;Allgemein&quot;","block_context":{"text":"Allgemein","link":"https:\/\/www.feuerwehr-brilon.de\/?cat=1"},"img":{"alt_text":"","src":"https:\/\/i0.wp.com\/www.feuerwehr-brilon.de\/images\/passbilder\/mhe.jpg?resize=350%2C200","width":350,"height":200},"classes":[]},{"id":1737,"url":"https:\/\/www.feuerwehr-brilon.de\/?page_id=1737","url_meta":{"origin":99,"position":4},"title":"Jugendfeuerwehrwarte","author":"Marc Heines","date":"29. Januar 2010","format":false,"excerpt":"Stadtjugendfeuerwehrwart Stadtjugendfeuerwehrwart stv. Stadtjugendfeuerwehrwart Holger Knackstedt jugendfeuerwehr(at)feuerwehr-brilon.de jugendfeuerwehr(at)feuerwehr-brilon.de Der Stadtjugendfeuerwehrwart vertritt die Jugendfeuerwehr der Stadt Brilon Er ist der Betreuer der Jugendfeuerwehr innerhalb der Stadt und der Verbindungsmann zum Leiter der Feuerwehr Er ist ferner Kontaktperson zu anderen Stellen auf Stadt-, Kreis- und Landesebene Jugendfeuerwehr Alme Jugendfeuerwehrwart stv. Jugendfeuerwehrwart Hendrik\u2026","rel":"","context":"In &quot;Allgemein&quot;","block_context":{"text":"Allgemein","link":"https:\/\/www.feuerwehr-brilon.de\/?cat=1"},"img":{"alt_text":"","src":"https:\/\/i0.wp.com\/www.feuerwehr-brilon.de\/images\/passbilder\/hkn.JPG?resize=350%2C200","width":350,"height":200},"classes":[]},{"id":1252,"url":"https:\/\/www.feuerwehr-brilon.de\/?page_id=1252","url_meta":{"origin":99,"position":5},"title":"Einsatzabteilung","author":"Andreas Becker","date":"28. August 2009","format":false,"excerpt":"Hier sind alle aktiven Brandsch\u00fctzer organisiert. L\u00f6schzugf\u00fchrungGeleitet wird der L\u00f6schzug vom L\u00f6schzugf\u00fchrer und seinen Stellvertretern L\u00f6schzugf\u00fchrer BOI Marc Heines m.heines(at)feuerwehr-brilon.de stv. L\u00f6schzugf\u00fchrer stv. L\u00f6schzugf\u00fchrer BOI Thomas B\u00f6ddicker BOI Michael Klaholz brilon(at)feuerwehr-brilon.de brilon(at)feuerwehr-brilon.de X Die Mannschaft gliedert sich in drei Z\u00fcge und f\u00fcnf Schleifen. Die einzelnen Schleifen k\u00f6nnen \u00fcber Meldeempf\u00e4nger getrennt\u2026","rel":"","context":"In &quot;Allgemein&quot;","block_context":{"text":"Allgemein","link":"https:\/\/www.feuerwehr-brilon.de\/?cat=1"},"img":{"alt_text":"","src":"https:\/\/i0.wp.com\/www.feuerwehr-brilon.de\/images\/passbilder\/mhe.jpg?resize=350%2C200","width":350,"height":200},"classes":[]}],"_links":{"self":[{"href":"https:\/\/www.feuerwehr-brilon.de\/index.php?rest_route=\/wp\/v2\/pages\/99","targetHints":{"allow":["GET"]}}],"collection":[{"href":"https:\/\/www.feuerwehr-brilon.de\/index.php?rest_route=\/wp\/v2\/pages"}],"about":[{"href":"https:\/\/www.feuerwehr-brilon.de\/index.php?rest_route=\/wp\/v2\/types\/page"}],"author":[{"embeddable":true,"href":"https:\/\/www.feuerwehr-brilon.de\/index.php?rest_route=\/wp\/v2\/users\/3"}],"replies":[{"embeddable":true,"href":"https:\/\/www.feuerwehr-brilon.de\/index.php?rest_route=%2Fwp%2Fv2%2Fcomments&post=99"}],"version-history":[{"count":3,"href":"https:\/\/www.feuerwehr-brilon.de\/index.php?rest_route=\/wp\/v2\/pages\/99\/revisions"}],"predecessor-version":[{"id":33158,"href":"https:\/\/www.feuerwehr-brilon.de\/index.php?rest_route=\/wp\/v2\/pages\/99\/revisions\/33158"}],"up":[{"embeddable":true,"href":"https:\/\/www.feuerwehr-brilon.de\/index.php?rest_route=\/wp\/v2\/pages\/82"}],"wp:attachment":[{"href":"https:\/\/www.feuerwehr-brilon.de\/index.php?rest_route=%2Fwp%2Fv2%2Fmedia&parent=99"}],"curies":[{"name":"wp","href":"https:\/\/api.w.org\/{rel}","templated":true}]}}